{"id":2250,"date":"2025-10-31T11:50:54","date_gmt":"2025-10-31T11:50:54","guid":{"rendered":"https:\/\/www.lecentrefranco.ca\/les-instituts-du-centre-franco\/?post_type=entretiens&#038;p=2250"},"modified":"2025-10-31T11:50:54","modified_gmt":"2025-10-31T11:50:54","slug":"entretien-avec-maxyme-denis","status":"publish","type":"entretiens","link":"https:\/\/www.lecentrefranco.ca\/les-instituts-du-centre-franco\/entretiens\/entretien-avec-maxyme-denis\/","title":{"rendered":"Entretien avec Maxyme Denis &#8211; Pour bien se pr\u00e9parer au plus beau temps de l&rsquo;ann\u00e9e : la rentr\u00e9e!"},"content":{"rendered":"<p>Dans cet entretien, <strong>Maxyme Denis<\/strong> reviendra plus en d\u00e9tails ce qui a \u00e9t\u00e9 pr\u00e9sent\u00e9 lors des Instituts d&rsquo;\u00e9t\u00e9. Vous pouvez revoir l&rsquo;enregistrement <a href=\"https:\/\/youtu.be\/yx7BQdgEMbc\" target=\"_blank\" rel=\"noopener\">ici<\/a>.<\/p>\n<p>Conseill\u00e8re p\u00e9dagogique dans le <em>Programme d\u2019insertion professionnelle du nouveau personnel enseignant<\/em> (<em>PIPNPE<\/em>) du Conseil scolaire de district catholique de l\u2019Est ontarien (CSDCEO), Maxyme a\u00a0travaill\u00e9 tant \u00e0 l\u2019\u00e9l\u00e9mentaire qu\u2019au secondaire, principalement comme enseignante de fran\u00e7ais et responsable du dossier de l\u2019\u00e9ducation sp\u00e9cialis\u00e9e. Engag\u00e9e dans la vie parascolaire, Maxyme aide l\u2019\u00e9l\u00e8ve \u00e0 \u00ab\u00a0s\u2019entreprendre\u00a0\u00bb au moyen des arts de la sc\u00e8ne. Au quotidien, elle accueille les nouveaux membres du personnel et les \u00e9quipes-\u00e9coles et leur apporte du soutien, favorisant leur insertion dans la profession.<\/p>\n","protected":false},"featured_media":2313,"menu_order":0,"template":"single-entretiens-ia25.php","meta":{"_acf_changed":false},"class_list":["post-2250","entretiens","type-entretiens","status-publish","has-post-thumbnail","hentry","annees-85","saisons-automne"],"acf":[],"yoast_head":"<!-- This site is optimized with the Yoast SEO plugin v27.5 - https:\/\/yoast.com\/product\/yoast-seo-wordpress\/ -->\n<title>Entretien avec Maxyme Denis - Pour bien se pr\u00e9parer au plus beau temps de l&#039;ann\u00e9e : la rentr\u00e9e! - Les Instituts du Centre franco<\/title>\n<meta name=\"robots\" content=\"index, follow, max-snippet:-1, max-image-preview:large, max-video-preview:-1\" \/>\n<link rel=\"canonical\" href=\"https:\/\/www.lecentrefranco.ca\/les-instituts-du-centre-franco\/entretiens\/entretien-avec-maxyme-denis\/\" \/>\n<meta property=\"og:locale\" content=\"fr_CA\" \/>\n<meta property=\"og:type\" content=\"article\" \/>\n<meta property=\"og:title\" content=\"Entretien avec Maxyme Denis - Pour bien se pr\u00e9parer au plus beau temps de l&#039;ann\u00e9e : la rentr\u00e9e! - Les Instituts du Centre franco\" \/>\n<meta property=\"og:description\" content=\"Dans cet entretien, Maxyme Denis reviendra plus en d\u00e9tails ce qui a \u00e9t\u00e9 pr\u00e9sent\u00e9 lors des Instituts d&rsquo;\u00e9t\u00e9. Vous pouvez revoir l&rsquo;enregistrement ici. Conseill\u00e8re p\u00e9dagogique dans le Programme d\u2019insertion professionnelle du nouveau personnel enseignant (PIPNPE) du Conseil scolaire de district catholique de l\u2019Est ontarien (CSDCEO), Maxyme a\u00a0travaill\u00e9 tant \u00e0 l\u2019\u00e9l\u00e9mentaire qu\u2019au secondaire, principalement comme enseignante... Read more &raquo;\" \/>\n<meta property=\"og:url\" content=\"https:\/\/www.lecentrefranco.ca\/les-instituts-du-centre-franco\/entretiens\/entretien-avec-maxyme-denis\/\" \/>\n<meta property=\"og:site_name\" content=\"Les Instituts du Centre franco\" \/>\n<meta property=\"og:image\" content=\"http:\/\/www.lecentrefranco.ca\/les-instituts-du-centre-franco\/wp-content\/uploads\/sites\/19\/2025\/10\/vignette-maxyme-denis-.webp\" \/>\n\t<meta property=\"og:image:width\" content=\"420\" \/>\n\t<meta property=\"og:image:height\" content=\"420\" \/>\n\t<meta property=\"og:image:type\" content=\"image\/webp\" \/>\n<meta name=\"twitter:card\" content=\"summary_large_image\" \/>\n<meta name=\"twitter:label1\" content=\"Estimation du temps de lecture\" \/>\n\t<meta name=\"twitter:data1\" content=\"1 minute\" \/>\n<script type=\"application\/ld+json\" class=\"yoast-schema-graph\">{\"@context\":\"https:\\\/\\\/schema.org\",\"@graph\":[{\"@type\":\"WebPage\",\"@id\":\"https:\\\/\\\/www.lecentrefranco.ca\\\/les-instituts-du-centre-franco\\\/entretiens\\\/entretien-avec-maxyme-denis\\\/\",\"url\":\"https:\\\/\\\/www.lecentrefranco.ca\\\/les-instituts-du-centre-franco\\\/entretiens\\\/entretien-avec-maxyme-denis\\\/\",\"name\":\"Entretien avec Maxyme Denis - Pour bien se pr\u00e9parer au plus beau temps de l'ann\u00e9e : la rentr\u00e9e! - Les Instituts du Centre franco\",\"isPartOf\":{\"@id\":\"https:\\\/\\\/www.lecentrefranco.ca\\\/les-instituts-du-centre-franco\\\/#website\"},\"primaryImageOfPage\":{\"@id\":\"https:\\\/\\\/www.lecentrefranco.ca\\\/les-instituts-du-centre-franco\\\/entretiens\\\/entretien-avec-maxyme-denis\\\/#primaryimage\"},\"image\":{\"@id\":\"https:\\\/\\\/www.lecentrefranco.ca\\\/les-instituts-du-centre-franco\\\/entretiens\\\/entretien-avec-maxyme-denis\\\/#primaryimage\"},\"thumbnailUrl\":\"https:\\\/\\\/www.lecentrefranco.ca\\\/les-instituts-du-centre-franco\\\/wp-content\\\/uploads\\\/sites\\\/19\\\/2025\\\/10\\\/vignette-maxyme-denis-.webp\",\"datePublished\":\"2025-10-31T11:50:54+00:00\",\"breadcrumb\":{\"@id\":\"https:\\\/\\\/www.lecentrefranco.ca\\\/les-instituts-du-centre-franco\\\/entretiens\\\/entretien-avec-maxyme-denis\\\/#breadcrumb\"},\"inLanguage\":\"fr-CA\",\"potentialAction\":[{\"@type\":\"ReadAction\",\"target\":[\"https:\\\/\\\/www.lecentrefranco.ca\\\/les-instituts-du-centre-franco\\\/entretiens\\\/entretien-avec-maxyme-denis\\\/\"]}]},{\"@type\":\"ImageObject\",\"inLanguage\":\"fr-CA\",\"@id\":\"https:\\\/\\\/www.lecentrefranco.ca\\\/les-instituts-du-centre-franco\\\/entretiens\\\/entretien-avec-maxyme-denis\\\/#primaryimage\",\"url\":\"https:\\\/\\\/www.lecentrefranco.ca\\\/les-instituts-du-centre-franco\\\/wp-content\\\/uploads\\\/sites\\\/19\\\/2025\\\/10\\\/vignette-maxyme-denis-.webp\",\"contentUrl\":\"https:\\\/\\\/www.lecentrefranco.ca\\\/les-instituts-du-centre-franco\\\/wp-content\\\/uploads\\\/sites\\\/19\\\/2025\\\/10\\\/vignette-maxyme-denis-.webp\",\"width\":420,\"height\":420},{\"@type\":\"BreadcrumbList\",\"@id\":\"https:\\\/\\\/www.lecentrefranco.ca\\\/les-instituts-du-centre-franco\\\/entretiens\\\/entretien-avec-maxyme-denis\\\/#breadcrumb\",\"itemListElement\":[{\"@type\":\"ListItem\",\"position\":1,\"name\":\"Accueil\",\"item\":\"https:\\\/\\\/www.lecentrefranco.ca\\\/les-instituts-du-centre-franco\\\/\"},{\"@type\":\"ListItem\",\"position\":2,\"name\":\"Entretien avec Maxyme Denis &#8211; Pour bien se pr\u00e9parer au plus beau temps de l&rsquo;ann\u00e9e : la rentr\u00e9e!\"}]},{\"@type\":\"WebSite\",\"@id\":\"https:\\\/\\\/www.lecentrefranco.ca\\\/les-instituts-du-centre-franco\\\/#website\",\"url\":\"https:\\\/\\\/www.lecentrefranco.ca\\\/les-instituts-du-centre-franco\\\/\",\"name\":\"Les Instituts du Centre franco\",\"description\":\"Un site utilisant Site Web du LCF\",\"publisher\":{\"@id\":\"https:\\\/\\\/www.lecentrefranco.ca\\\/les-instituts-du-centre-franco\\\/#organization\"},\"potentialAction\":[{\"@type\":\"SearchAction\",\"target\":{\"@type\":\"EntryPoint\",\"urlTemplate\":\"https:\\\/\\\/www.lecentrefranco.ca\\\/les-instituts-du-centre-franco\\\/?s={search_term_string}\"},\"query-input\":{\"@type\":\"PropertyValueSpecification\",\"valueRequired\":true,\"valueName\":\"search_term_string\"}}],\"inLanguage\":\"fr-CA\"},{\"@type\":\"Organization\",\"@id\":\"https:\\\/\\\/www.lecentrefranco.ca\\\/les-instituts-du-centre-franco\\\/#organization\",\"name\":\"Les Instituts du Centre franco\",\"url\":\"https:\\\/\\\/www.lecentrefranco.ca\\\/les-instituts-du-centre-franco\\\/\",\"logo\":{\"@type\":\"ImageObject\",\"inLanguage\":\"fr-CA\",\"@id\":\"https:\\\/\\\/www.lecentrefranco.ca\\\/les-instituts-du-centre-franco\\\/#\\\/schema\\\/logo\\\/image\\\/\",\"url\":\"https:\\\/\\\/www.lecentrefranco.ca\\\/les-instituts-du-centre-franco\\\/wp-content\\\/uploads\\\/sites\\\/19\\\/2021\\\/10\\\/vms-idcf-gen-.jpg\",\"contentUrl\":\"https:\\\/\\\/www.lecentrefranco.ca\\\/les-instituts-du-centre-franco\\\/wp-content\\\/uploads\\\/sites\\\/19\\\/2021\\\/10\\\/vms-idcf-gen-.jpg\",\"width\":1200,\"height\":630,\"caption\":\"Les Instituts du Centre franco\"},\"image\":{\"@id\":\"https:\\\/\\\/www.lecentrefranco.ca\\\/les-instituts-du-centre-franco\\\/#\\\/schema\\\/logo\\\/image\\\/\"}}]}<\/script>\n<!-- \/ Yoast SEO plugin. -->","yoast_head_json":{"title":"Entretien avec Maxyme Denis - Pour bien se pr\u00e9parer au plus beau temps de l'ann\u00e9e : la rentr\u00e9e! - Les Instituts du Centre franco","robots":{"index":"index","follow":"follow","max-snippet":"max-snippet:-1","max-image-preview":"max-image-preview:large","max-video-preview":"max-video-preview:-1"},"canonical":"https:\/\/www.lecentrefranco.ca\/les-instituts-du-centre-franco\/entretiens\/entretien-avec-maxyme-denis\/","og_locale":"fr_CA","og_type":"article","og_title":"Entretien avec Maxyme Denis - Pour bien se pr\u00e9parer au plus beau temps de l'ann\u00e9e : la rentr\u00e9e! - Les Instituts du Centre franco","og_description":"Dans cet entretien, Maxyme Denis reviendra plus en d\u00e9tails ce qui a \u00e9t\u00e9 pr\u00e9sent\u00e9 lors des Instituts d&rsquo;\u00e9t\u00e9. Vous pouvez revoir l&rsquo;enregistrement ici. Conseill\u00e8re p\u00e9dagogique dans le Programme d\u2019insertion professionnelle du nouveau personnel enseignant (PIPNPE) du Conseil scolaire de district catholique de l\u2019Est ontarien (CSDCEO), Maxyme a\u00a0travaill\u00e9 tant \u00e0 l\u2019\u00e9l\u00e9mentaire qu\u2019au secondaire, principalement comme enseignante... Read more &raquo;","og_url":"https:\/\/www.lecentrefranco.ca\/les-instituts-du-centre-franco\/entretiens\/entretien-avec-maxyme-denis\/","og_site_name":"Les Instituts du Centre franco","og_image":[{"width":420,"height":420,"url":"http:\/\/www.lecentrefranco.ca\/les-instituts-du-centre-franco\/wp-content\/uploads\/sites\/19\/2025\/10\/vignette-maxyme-denis-.webp","type":"image\/webp"}],"twitter_card":"summary_large_image","twitter_misc":{"Estimation du temps de lecture":"1 minute"},"schema":{"@context":"https:\/\/schema.org","@graph":[{"@type":"WebPage","@id":"https:\/\/www.lecentrefranco.ca\/les-instituts-du-centre-franco\/entretiens\/entretien-avec-maxyme-denis\/","url":"https:\/\/www.lecentrefranco.ca\/les-instituts-du-centre-franco\/entretiens\/entretien-avec-maxyme-denis\/","name":"Entretien avec Maxyme Denis - Pour bien se pr\u00e9parer au plus beau temps de l'ann\u00e9e : la rentr\u00e9e! - Les Instituts du Centre franco","isPartOf":{"@id":"https:\/\/www.lecentrefranco.ca\/les-instituts-du-centre-franco\/#website"},"primaryImageOfPage":{"@id":"https:\/\/www.lecentrefranco.ca\/les-instituts-du-centre-franco\/entretiens\/entretien-avec-maxyme-denis\/#primaryimage"},"image":{"@id":"https:\/\/www.lecentrefranco.ca\/les-instituts-du-centre-franco\/entretiens\/entretien-avec-maxyme-denis\/#primaryimage"},"thumbnailUrl":"https:\/\/www.lecentrefranco.ca\/les-instituts-du-centre-franco\/wp-content\/uploads\/sites\/19\/2025\/10\/vignette-maxyme-denis-.webp","datePublished":"2025-10-31T11:50:54+00:00","breadcrumb":{"@id":"https:\/\/www.lecentrefranco.ca\/les-instituts-du-centre-franco\/entretiens\/entretien-avec-maxyme-denis\/#breadcrumb"},"inLanguage":"fr-CA","potentialAction":[{"@type":"ReadAction","target":["https:\/\/www.lecentrefranco.ca\/les-instituts-du-centre-franco\/entretiens\/entretien-avec-maxyme-denis\/"]}]},{"@type":"ImageObject","inLanguage":"fr-CA","@id":"https:\/\/www.lecentrefranco.ca\/les-instituts-du-centre-franco\/entretiens\/entretien-avec-maxyme-denis\/#primaryimage","url":"https:\/\/www.lecentrefranco.ca\/les-instituts-du-centre-franco\/wp-content\/uploads\/sites\/19\/2025\/10\/vignette-maxyme-denis-.webp","contentUrl":"https:\/\/www.lecentrefranco.ca\/les-instituts-du-centre-franco\/wp-content\/uploads\/sites\/19\/2025\/10\/vignette-maxyme-denis-.webp","width":420,"height":420},{"@type":"BreadcrumbList","@id":"https:\/\/www.lecentrefranco.ca\/les-instituts-du-centre-franco\/entretiens\/entretien-avec-maxyme-denis\/#breadcrumb","itemListElement":[{"@type":"ListItem","position":1,"name":"Accueil","item":"https:\/\/www.lecentrefranco.ca\/les-instituts-du-centre-franco\/"},{"@type":"ListItem","position":2,"name":"Entretien avec Maxyme Denis &#8211; Pour bien se pr\u00e9parer au plus beau temps de l&rsquo;ann\u00e9e : la rentr\u00e9e!"}]},{"@type":"WebSite","@id":"https:\/\/www.lecentrefranco.ca\/les-instituts-du-centre-franco\/#website","url":"https:\/\/www.lecentrefranco.ca\/les-instituts-du-centre-franco\/","name":"Les Instituts du Centre franco","description":"Un site utilisant Site Web du LCF","publisher":{"@id":"https:\/\/www.lecentrefranco.ca\/les-instituts-du-centre-franco\/#organization"},"potentialAction":[{"@type":"SearchAction","target":{"@type":"EntryPoint","urlTemplate":"https:\/\/www.lecentrefranco.ca\/les-instituts-du-centre-franco\/?s={search_term_string}"},"query-input":{"@type":"PropertyValueSpecification","valueRequired":true,"valueName":"search_term_string"}}],"inLanguage":"fr-CA"},{"@type":"Organization","@id":"https:\/\/www.lecentrefranco.ca\/les-instituts-du-centre-franco\/#organization","name":"Les Instituts du Centre franco","url":"https:\/\/www.lecentrefranco.ca\/les-instituts-du-centre-franco\/","logo":{"@type":"ImageObject","inLanguage":"fr-CA","@id":"https:\/\/www.lecentrefranco.ca\/les-instituts-du-centre-franco\/#\/schema\/logo\/image\/","url":"https:\/\/www.lecentrefranco.ca\/les-instituts-du-centre-franco\/wp-content\/uploads\/sites\/19\/2021\/10\/vms-idcf-gen-.jpg","contentUrl":"https:\/\/www.lecentrefranco.ca\/les-instituts-du-centre-franco\/wp-content\/uploads\/sites\/19\/2021\/10\/vms-idcf-gen-.jpg","width":1200,"height":630,"caption":"Les Instituts du Centre franco"},"image":{"@id":"https:\/\/www.lecentrefranco.ca\/les-instituts-du-centre-franco\/#\/schema\/logo\/image\/"}}]}},"_links":{"self":[{"href":"https:\/\/www.lecentrefranco.ca\/les-instituts-du-centre-franco\/wp-json\/wp\/v2\/entretiens\/2250","targetHints":{"allow":["GET"]}}],"collection":[{"href":"https:\/\/www.lecentrefranco.ca\/les-instituts-du-centre-franco\/wp-json\/wp\/v2\/entretiens"}],"about":[{"href":"https:\/\/www.lecentrefranco.ca\/les-instituts-du-centre-franco\/wp-json\/wp\/v2\/types\/entretiens"}],"wp:featuredmedia":[{"embeddable":true,"href":"https:\/\/www.lecentrefranco.ca\/les-instituts-du-centre-franco\/wp-json\/wp\/v2\/media\/2313"}],"wp:attachment":[{"href":"https:\/\/www.lecentrefranco.ca\/les-instituts-du-centre-franco\/wp-json\/wp\/v2\/media?parent=2250"}],"curies":[{"name":"wp","href":"https:\/\/api.w.org\/{rel}","templated":true}]}}