{"id":2240,"date":"2025-10-24T11:56:20","date_gmt":"2025-10-24T11:56:20","guid":{"rendered":"https:\/\/www.lecentrefranco.ca\/les-instituts-du-centre-franco\/?post_type=entretiens&#038;p=2240"},"modified":"2025-10-24T11:56:20","modified_gmt":"2025-10-24T11:56:20","slug":"entretien-avec-ian-ducharme-canva","status":"publish","type":"entretiens","link":"https:\/\/www.lecentrefranco.ca\/les-instituts-du-centre-franco\/entretiens\/entretien-avec-ian-ducharme-canva\/","title":{"rendered":"Entretien avec Ian Ducharme&#8230; Canva et ses grandes nouveaut\u00e9s avec l\u2019IA"},"content":{"rendered":"<p>Dans cet entretien, <strong>Ian Ducharme<\/strong>, reviendra plus en d\u00e9tails ce qui a \u00e9t\u00e9 pr\u00e9sent\u00e9 lors des Instituts d&rsquo;\u00e9t\u00e9. Vous pouvez revoir l&rsquo;enregistrement <a href=\"https:\/\/youtu.be\/xnOFV8P_3-k\" target=\"_blank\" rel=\"noopener\">ici<\/a>.<\/p>\n<p>Ian\u00a0Ducharme est un conseiller p\u00e9dagogique comptant parmi ses clients le minist\u00e8re de l\u2019\u00c9ducation de l\u2019Ontario, le Conseil scolaire Viamonde, le Centre franco et des organismes de la grande r\u00e9gion de Toronto. Il anime des formations et accompagne des enseignantes et des enseignants\u00a0M-12 dans les domaines des TIC et de la robotique, puis dans l\u2019utilisation de plusieurs outils num\u00e9riques en salle de classe.<\/p>\n","protected":false},"featured_media":2218,"menu_order":0,"template":"single-entretiens-ia25.php","meta":{"_acf_changed":false},"class_list":["post-2240","entretiens","type-entretiens","status-publish","has-post-thumbnail","hentry","annees-85","saisons-automne"],"acf":[],"yoast_head":"<!-- This site is optimized with the Yoast SEO plugin v27.5 - https:\/\/yoast.com\/product\/yoast-seo-wordpress\/ -->\n<title>Entretien avec Ian Ducharme... Canva et ses grandes nouveaut\u00e9s avec l\u2019IA - Les Instituts du Centre franco<\/title>\n<meta name=\"robots\" content=\"index, follow, max-snippet:-1, max-image-preview:large, max-video-preview:-1\" \/>\n<link rel=\"canonical\" href=\"https:\/\/www.lecentrefranco.ca\/les-instituts-du-centre-franco\/entretiens\/entretien-avec-ian-ducharme-canva\/\" \/>\n<meta property=\"og:locale\" content=\"fr_CA\" \/>\n<meta property=\"og:type\" content=\"article\" \/>\n<meta property=\"og:title\" content=\"Entretien avec Ian Ducharme... Canva et ses grandes nouveaut\u00e9s avec l\u2019IA - Les Instituts du Centre franco\" \/>\n<meta property=\"og:description\" content=\"Dans cet entretien, Ian Ducharme, reviendra plus en d\u00e9tails ce qui a \u00e9t\u00e9 pr\u00e9sent\u00e9 lors des Instituts d&rsquo;\u00e9t\u00e9. Vous pouvez revoir l&rsquo;enregistrement ici. Ian\u00a0Ducharme est un conseiller p\u00e9dagogique comptant parmi ses clients le minist\u00e8re de l\u2019\u00c9ducation de l\u2019Ontario, le Conseil scolaire Viamonde, le Centre franco et des organismes de la grande r\u00e9gion de Toronto. Il... Read more &raquo;\" \/>\n<meta property=\"og:url\" content=\"https:\/\/www.lecentrefranco.ca\/les-instituts-du-centre-franco\/entretiens\/entretien-avec-ian-ducharme-canva\/\" \/>\n<meta property=\"og:site_name\" content=\"Les Instituts du Centre franco\" \/>\n<meta property=\"og:image\" content=\"http:\/\/www.lecentrefranco.ca\/les-instituts-du-centre-franco\/wp-content\/uploads\/sites\/19\/2025\/09\/photo-ian.webp\" \/>\n\t<meta property=\"og:image:width\" content=\"420\" \/>\n\t<meta property=\"og:image:height\" content=\"420\" \/>\n\t<meta property=\"og:image:type\" content=\"image\/webp\" \/>\n<meta name=\"twitter:card\" content=\"summary_large_image\" \/>\n<meta name=\"twitter:label1\" content=\"Estimation du temps de lecture\" \/>\n\t<meta name=\"twitter:data1\" content=\"1 minute\" \/>\n<script type=\"application\/ld+json\" class=\"yoast-schema-graph\">{\"@context\":\"https:\\\/\\\/schema.org\",\"@graph\":[{\"@type\":\"WebPage\",\"@id\":\"https:\\\/\\\/www.lecentrefranco.ca\\\/les-instituts-du-centre-franco\\\/entretiens\\\/entretien-avec-ian-ducharme-canva\\\/\",\"url\":\"https:\\\/\\\/www.lecentrefranco.ca\\\/les-instituts-du-centre-franco\\\/entretiens\\\/entretien-avec-ian-ducharme-canva\\\/\",\"name\":\"Entretien avec Ian Ducharme... Canva et ses grandes nouveaut\u00e9s avec l\u2019IA - Les Instituts du Centre franco\",\"isPartOf\":{\"@id\":\"https:\\\/\\\/www.lecentrefranco.ca\\\/les-instituts-du-centre-franco\\\/#website\"},\"primaryImageOfPage\":{\"@id\":\"https:\\\/\\\/www.lecentrefranco.ca\\\/les-instituts-du-centre-franco\\\/entretiens\\\/entretien-avec-ian-ducharme-canva\\\/#primaryimage\"},\"image\":{\"@id\":\"https:\\\/\\\/www.lecentrefranco.ca\\\/les-instituts-du-centre-franco\\\/entretiens\\\/entretien-avec-ian-ducharme-canva\\\/#primaryimage\"},\"thumbnailUrl\":\"https:\\\/\\\/www.lecentrefranco.ca\\\/les-instituts-du-centre-franco\\\/wp-content\\\/uploads\\\/sites\\\/19\\\/2025\\\/09\\\/photo-ian.webp\",\"datePublished\":\"2025-10-24T11:56:20+00:00\",\"breadcrumb\":{\"@id\":\"https:\\\/\\\/www.lecentrefranco.ca\\\/les-instituts-du-centre-franco\\\/entretiens\\\/entretien-avec-ian-ducharme-canva\\\/#breadcrumb\"},\"inLanguage\":\"fr-CA\",\"potentialAction\":[{\"@type\":\"ReadAction\",\"target\":[\"https:\\\/\\\/www.lecentrefranco.ca\\\/les-instituts-du-centre-franco\\\/entretiens\\\/entretien-avec-ian-ducharme-canva\\\/\"]}]},{\"@type\":\"ImageObject\",\"inLanguage\":\"fr-CA\",\"@id\":\"https:\\\/\\\/www.lecentrefranco.ca\\\/les-instituts-du-centre-franco\\\/entretiens\\\/entretien-avec-ian-ducharme-canva\\\/#primaryimage\",\"url\":\"https:\\\/\\\/www.lecentrefranco.ca\\\/les-instituts-du-centre-franco\\\/wp-content\\\/uploads\\\/sites\\\/19\\\/2025\\\/09\\\/photo-ian.webp\",\"contentUrl\":\"https:\\\/\\\/www.lecentrefranco.ca\\\/les-instituts-du-centre-franco\\\/wp-content\\\/uploads\\\/sites\\\/19\\\/2025\\\/09\\\/photo-ian.webp\",\"width\":420,\"height\":420},{\"@type\":\"BreadcrumbList\",\"@id\":\"https:\\\/\\\/www.lecentrefranco.ca\\\/les-instituts-du-centre-franco\\\/entretiens\\\/entretien-avec-ian-ducharme-canva\\\/#breadcrumb\",\"itemListElement\":[{\"@type\":\"ListItem\",\"position\":1,\"name\":\"Accueil\",\"item\":\"https:\\\/\\\/www.lecentrefranco.ca\\\/les-instituts-du-centre-franco\\\/\"},{\"@type\":\"ListItem\",\"position\":2,\"name\":\"Entretien avec Ian Ducharme&#8230; Canva et ses grandes nouveaut\u00e9s avec l\u2019IA\"}]},{\"@type\":\"WebSite\",\"@id\":\"https:\\\/\\\/www.lecentrefranco.ca\\\/les-instituts-du-centre-franco\\\/#website\",\"url\":\"https:\\\/\\\/www.lecentrefranco.ca\\\/les-instituts-du-centre-franco\\\/\",\"name\":\"Les Instituts du Centre franco\",\"description\":\"Un site utilisant Site Web du LCF\",\"publisher\":{\"@id\":\"https:\\\/\\\/www.lecentrefranco.ca\\\/les-instituts-du-centre-franco\\\/#organization\"},\"potentialAction\":[{\"@type\":\"SearchAction\",\"target\":{\"@type\":\"EntryPoint\",\"urlTemplate\":\"https:\\\/\\\/www.lecentrefranco.ca\\\/les-instituts-du-centre-franco\\\/?s={search_term_string}\"},\"query-input\":{\"@type\":\"PropertyValueSpecification\",\"valueRequired\":true,\"valueName\":\"search_term_string\"}}],\"inLanguage\":\"fr-CA\"},{\"@type\":\"Organization\",\"@id\":\"https:\\\/\\\/www.lecentrefranco.ca\\\/les-instituts-du-centre-franco\\\/#organization\",\"name\":\"Les Instituts du Centre franco\",\"url\":\"https:\\\/\\\/www.lecentrefranco.ca\\\/les-instituts-du-centre-franco\\\/\",\"logo\":{\"@type\":\"ImageObject\",\"inLanguage\":\"fr-CA\",\"@id\":\"https:\\\/\\\/www.lecentrefranco.ca\\\/les-instituts-du-centre-franco\\\/#\\\/schema\\\/logo\\\/image\\\/\",\"url\":\"https:\\\/\\\/www.lecentrefranco.ca\\\/les-instituts-du-centre-franco\\\/wp-content\\\/uploads\\\/sites\\\/19\\\/2021\\\/10\\\/vms-idcf-gen-.jpg\",\"contentUrl\":\"https:\\\/\\\/www.lecentrefranco.ca\\\/les-instituts-du-centre-franco\\\/wp-content\\\/uploads\\\/sites\\\/19\\\/2021\\\/10\\\/vms-idcf-gen-.jpg\",\"width\":1200,\"height\":630,\"caption\":\"Les Instituts du Centre franco\"},\"image\":{\"@id\":\"https:\\\/\\\/www.lecentrefranco.ca\\\/les-instituts-du-centre-franco\\\/#\\\/schema\\\/logo\\\/image\\\/\"}}]}<\/script>\n<!-- \/ Yoast SEO plugin. -->","yoast_head_json":{"title":"Entretien avec Ian Ducharme... Canva et ses grandes nouveaut\u00e9s avec l\u2019IA - Les Instituts du Centre franco","robots":{"index":"index","follow":"follow","max-snippet":"max-snippet:-1","max-image-preview":"max-image-preview:large","max-video-preview":"max-video-preview:-1"},"canonical":"https:\/\/www.lecentrefranco.ca\/les-instituts-du-centre-franco\/entretiens\/entretien-avec-ian-ducharme-canva\/","og_locale":"fr_CA","og_type":"article","og_title":"Entretien avec Ian Ducharme... Canva et ses grandes nouveaut\u00e9s avec l\u2019IA - Les Instituts du Centre franco","og_description":"Dans cet entretien, Ian Ducharme, reviendra plus en d\u00e9tails ce qui a \u00e9t\u00e9 pr\u00e9sent\u00e9 lors des Instituts d&rsquo;\u00e9t\u00e9. Vous pouvez revoir l&rsquo;enregistrement ici. Ian\u00a0Ducharme est un conseiller p\u00e9dagogique comptant parmi ses clients le minist\u00e8re de l\u2019\u00c9ducation de l\u2019Ontario, le Conseil scolaire Viamonde, le Centre franco et des organismes de la grande r\u00e9gion de Toronto. Il... Read more &raquo;","og_url":"https:\/\/www.lecentrefranco.ca\/les-instituts-du-centre-franco\/entretiens\/entretien-avec-ian-ducharme-canva\/","og_site_name":"Les Instituts du Centre franco","og_image":[{"width":420,"height":420,"url":"http:\/\/www.lecentrefranco.ca\/les-instituts-du-centre-franco\/wp-content\/uploads\/sites\/19\/2025\/09\/photo-ian.webp","type":"image\/webp"}],"twitter_card":"summary_large_image","twitter_misc":{"Estimation du temps de lecture":"1 minute"},"schema":{"@context":"https:\/\/schema.org","@graph":[{"@type":"WebPage","@id":"https:\/\/www.lecentrefranco.ca\/les-instituts-du-centre-franco\/entretiens\/entretien-avec-ian-ducharme-canva\/","url":"https:\/\/www.lecentrefranco.ca\/les-instituts-du-centre-franco\/entretiens\/entretien-avec-ian-ducharme-canva\/","name":"Entretien avec Ian Ducharme... Canva et ses grandes nouveaut\u00e9s avec l\u2019IA - Les Instituts du Centre franco","isPartOf":{"@id":"https:\/\/www.lecentrefranco.ca\/les-instituts-du-centre-franco\/#website"},"primaryImageOfPage":{"@id":"https:\/\/www.lecentrefranco.ca\/les-instituts-du-centre-franco\/entretiens\/entretien-avec-ian-ducharme-canva\/#primaryimage"},"image":{"@id":"https:\/\/www.lecentrefranco.ca\/les-instituts-du-centre-franco\/entretiens\/entretien-avec-ian-ducharme-canva\/#primaryimage"},"thumbnailUrl":"https:\/\/www.lecentrefranco.ca\/les-instituts-du-centre-franco\/wp-content\/uploads\/sites\/19\/2025\/09\/photo-ian.webp","datePublished":"2025-10-24T11:56:20+00:00","breadcrumb":{"@id":"https:\/\/www.lecentrefranco.ca\/les-instituts-du-centre-franco\/entretiens\/entretien-avec-ian-ducharme-canva\/#breadcrumb"},"inLanguage":"fr-CA","potentialAction":[{"@type":"ReadAction","target":["https:\/\/www.lecentrefranco.ca\/les-instituts-du-centre-franco\/entretiens\/entretien-avec-ian-ducharme-canva\/"]}]},{"@type":"ImageObject","inLanguage":"fr-CA","@id":"https:\/\/www.lecentrefranco.ca\/les-instituts-du-centre-franco\/entretiens\/entretien-avec-ian-ducharme-canva\/#primaryimage","url":"https:\/\/www.lecentrefranco.ca\/les-instituts-du-centre-franco\/wp-content\/uploads\/sites\/19\/2025\/09\/photo-ian.webp","contentUrl":"https:\/\/www.lecentrefranco.ca\/les-instituts-du-centre-franco\/wp-content\/uploads\/sites\/19\/2025\/09\/photo-ian.webp","width":420,"height":420},{"@type":"BreadcrumbList","@id":"https:\/\/www.lecentrefranco.ca\/les-instituts-du-centre-franco\/entretiens\/entretien-avec-ian-ducharme-canva\/#breadcrumb","itemListElement":[{"@type":"ListItem","position":1,"name":"Accueil","item":"https:\/\/www.lecentrefranco.ca\/les-instituts-du-centre-franco\/"},{"@type":"ListItem","position":2,"name":"Entretien avec Ian Ducharme&#8230; Canva et ses grandes nouveaut\u00e9s avec l\u2019IA"}]},{"@type":"WebSite","@id":"https:\/\/www.lecentrefranco.ca\/les-instituts-du-centre-franco\/#website","url":"https:\/\/www.lecentrefranco.ca\/les-instituts-du-centre-franco\/","name":"Les Instituts du Centre franco","description":"Un site utilisant Site Web du LCF","publisher":{"@id":"https:\/\/www.lecentrefranco.ca\/les-instituts-du-centre-franco\/#organization"},"potentialAction":[{"@type":"SearchAction","target":{"@type":"EntryPoint","urlTemplate":"https:\/\/www.lecentrefranco.ca\/les-instituts-du-centre-franco\/?s={search_term_string}"},"query-input":{"@type":"PropertyValueSpecification","valueRequired":true,"valueName":"search_term_string"}}],"inLanguage":"fr-CA"},{"@type":"Organization","@id":"https:\/\/www.lecentrefranco.ca\/les-instituts-du-centre-franco\/#organization","name":"Les Instituts du Centre franco","url":"https:\/\/www.lecentrefranco.ca\/les-instituts-du-centre-franco\/","logo":{"@type":"ImageObject","inLanguage":"fr-CA","@id":"https:\/\/www.lecentrefranco.ca\/les-instituts-du-centre-franco\/#\/schema\/logo\/image\/","url":"https:\/\/www.lecentrefranco.ca\/les-instituts-du-centre-franco\/wp-content\/uploads\/sites\/19\/2021\/10\/vms-idcf-gen-.jpg","contentUrl":"https:\/\/www.lecentrefranco.ca\/les-instituts-du-centre-franco\/wp-content\/uploads\/sites\/19\/2021\/10\/vms-idcf-gen-.jpg","width":1200,"height":630,"caption":"Les Instituts du Centre franco"},"image":{"@id":"https:\/\/www.lecentrefranco.ca\/les-instituts-du-centre-franco\/#\/schema\/logo\/image\/"}}]}},"_links":{"self":[{"href":"https:\/\/www.lecentrefranco.ca\/les-instituts-du-centre-franco\/wp-json\/wp\/v2\/entretiens\/2240","targetHints":{"allow":["GET"]}}],"collection":[{"href":"https:\/\/www.lecentrefranco.ca\/les-instituts-du-centre-franco\/wp-json\/wp\/v2\/entretiens"}],"about":[{"href":"https:\/\/www.lecentrefranco.ca\/les-instituts-du-centre-franco\/wp-json\/wp\/v2\/types\/entretiens"}],"wp:featuredmedia":[{"embeddable":true,"href":"https:\/\/www.lecentrefranco.ca\/les-instituts-du-centre-franco\/wp-json\/wp\/v2\/media\/2218"}],"wp:attachment":[{"href":"https:\/\/www.lecentrefranco.ca\/les-instituts-du-centre-franco\/wp-json\/wp\/v2\/media?parent=2240"}],"curies":[{"name":"wp","href":"https:\/\/api.w.org\/{rel}","templated":true}]}}