{"id":2396,"date":"2026-02-27T14:13:47","date_gmt":"2026-02-27T14:13:47","guid":{"rendered":"https:\/\/www.lecentrefranco.ca\/les-instituts-du-centre-franco\/?post_type=24-24&#038;p=2396"},"modified":"2026-04-13T19:28:45","modified_gmt":"2026-04-13T19:28:45","slug":"lapprentissage-socioemotionnel-a-lere-de-lia-plus-crucial-que-jamais","status":"publish","type":"24-24","link":"https:\/\/www.lecentrefranco.ca\/les-instituts-du-centre-franco\/24-24\/lapprentissage-socioemotionnel-a-lere-de-lia-plus-crucial-que-jamais\/","title":{"rendered":"L\u2019apprentissage socio\u00e9motionnel \u00e0 l\u2019\u00e8re de l\u2019IA : plus crucial que jamais"},"content":{"rendered":"<p>L\u2019intelligence artificielle transforme maintenant nos classes! D\u00e9couvrez la fa\u00e7on dont elle fa\u00e7onne le bien-\u00eatre, les comp\u00e9tences socio\u00e9motionnelles et l\u2019apprentissage de nos \u00e9l\u00e8ves.<\/p>\n<p>Plongez dans un univers d\u2019occasions et de d\u00e9fis stimulants, puis repartez avec des strat\u00e9gies concr\u00e8tes \u00e0 appliquer d\u00e8s demain. Enseigner AVEC l\u2019IA, c\u2019est ouvrir la porte \u00e0 plus d\u2019engagement, plus de cr\u00e9ativit\u00e9 et plus de succ\u00e8s!<\/p>\n","protected":false},"featured_media":2365,"menu_order":0,"template":"single-frm24-24.php","meta":{"_acf_changed":false},"nouveautes":[],"class_list":["post-2396","24-24","type-24-24","status-publish","has-post-thumbnail","hentry","formats-formations","annee_scolaire-2025-2026"],"acf":[],"yoast_head":"<!-- This site is optimized with the Yoast SEO plugin v27.5 - https:\/\/yoast.com\/product\/yoast-seo-wordpress\/ -->\n<title>L\u2019apprentissage socio\u00e9motionnel \u00e0 l\u2019\u00e8re de l\u2019IA : plus crucial que jamais - Les Instituts du Centre franco<\/title>\n<meta name=\"robots\" content=\"index, follow, max-snippet:-1, max-image-preview:large, max-video-preview:-1\" \/>\n<link rel=\"canonical\" href=\"https:\/\/www.lecentrefranco.ca\/les-instituts-du-centre-franco\/24-24\/lapprentissage-socioemotionnel-a-lere-de-lia-plus-crucial-que-jamais\/\" \/>\n<meta property=\"og:locale\" content=\"fr_CA\" \/>\n<meta property=\"og:type\" content=\"article\" \/>\n<meta property=\"og:title\" content=\"L\u2019apprentissage socio\u00e9motionnel \u00e0 l\u2019\u00e8re de l\u2019IA : plus crucial que jamais - Les Instituts du Centre franco\" \/>\n<meta property=\"og:description\" content=\"L\u2019intelligence artificielle transforme maintenant nos classes! D\u00e9couvrez la fa\u00e7on dont elle fa\u00e7onne le bien-\u00eatre, les comp\u00e9tences socio\u00e9motionnelles et l\u2019apprentissage de nos \u00e9l\u00e8ves. Plongez dans un univers d\u2019occasions et de d\u00e9fis stimulants, puis repartez avec des strat\u00e9gies concr\u00e8tes \u00e0 appliquer d\u00e8s demain. Enseigner AVEC l\u2019IA, c\u2019est ouvrir la porte \u00e0 plus d\u2019engagement, plus de cr\u00e9ativit\u00e9 et... Read more &raquo;\" \/>\n<meta property=\"og:url\" content=\"https:\/\/www.lecentrefranco.ca\/les-instituts-du-centre-franco\/24-24\/lapprentissage-socioemotionnel-a-lere-de-lia-plus-crucial-que-jamais\/\" \/>\n<meta property=\"og:site_name\" content=\"Les Instituts du Centre franco\" \/>\n<meta property=\"article:modified_time\" content=\"2026-04-13T19:28:45+00:00\" \/>\n<meta property=\"og:image\" content=\"http:\/\/www.lecentrefranco.ca\/les-instituts-du-centre-franco\/wp-content\/uploads\/sites\/19\/2026\/01\/ih26-apprentissage-socioemotionnel-a-lere-de-ia.webp\" \/>\n\t<meta property=\"og:image:width\" content=\"480\" \/>\n\t<meta property=\"og:image:height\" content=\"480\" \/>\n\t<meta property=\"og:image:type\" content=\"image\/webp\" \/>\n<meta name=\"twitter:card\" content=\"summary_large_image\" \/>\n<meta name=\"twitter:label1\" content=\"Estimation du temps de lecture\" \/>\n\t<meta name=\"twitter:data1\" content=\"1 minute\" \/>\n<script type=\"application\/ld+json\" class=\"yoast-schema-graph\">{\"@context\":\"https:\\\/\\\/schema.org\",\"@graph\":[{\"@type\":\"WebPage\",\"@id\":\"https:\\\/\\\/www.lecentrefranco.ca\\\/les-instituts-du-centre-franco\\\/24-24\\\/lapprentissage-socioemotionnel-a-lere-de-lia-plus-crucial-que-jamais\\\/\",\"url\":\"https:\\\/\\\/www.lecentrefranco.ca\\\/les-instituts-du-centre-franco\\\/24-24\\\/lapprentissage-socioemotionnel-a-lere-de-lia-plus-crucial-que-jamais\\\/\",\"name\":\"L\u2019apprentissage socio\u00e9motionnel \u00e0 l\u2019\u00e8re de l\u2019IA : plus crucial que jamais - Les Instituts du Centre franco\",\"isPartOf\":{\"@id\":\"https:\\\/\\\/www.lecentrefranco.ca\\\/les-instituts-du-centre-franco\\\/#website\"},\"primaryImageOfPage\":{\"@id\":\"https:\\\/\\\/www.lecentrefranco.ca\\\/les-instituts-du-centre-franco\\\/24-24\\\/lapprentissage-socioemotionnel-a-lere-de-lia-plus-crucial-que-jamais\\\/#primaryimage\"},\"image\":{\"@id\":\"https:\\\/\\\/www.lecentrefranco.ca\\\/les-instituts-du-centre-franco\\\/24-24\\\/lapprentissage-socioemotionnel-a-lere-de-lia-plus-crucial-que-jamais\\\/#primaryimage\"},\"thumbnailUrl\":\"https:\\\/\\\/www.lecentrefranco.ca\\\/les-instituts-du-centre-franco\\\/wp-content\\\/uploads\\\/sites\\\/19\\\/2026\\\/01\\\/ih26-apprentissage-socioemotionnel-a-lere-de-ia.webp\",\"datePublished\":\"2026-02-27T14:13:47+00:00\",\"dateModified\":\"2026-04-13T19:28:45+00:00\",\"breadcrumb\":{\"@id\":\"https:\\\/\\\/www.lecentrefranco.ca\\\/les-instituts-du-centre-franco\\\/24-24\\\/lapprentissage-socioemotionnel-a-lere-de-lia-plus-crucial-que-jamais\\\/#breadcrumb\"},\"inLanguage\":\"fr-CA\",\"potentialAction\":[{\"@type\":\"ReadAction\",\"target\":[\"https:\\\/\\\/www.lecentrefranco.ca\\\/les-instituts-du-centre-franco\\\/24-24\\\/lapprentissage-socioemotionnel-a-lere-de-lia-plus-crucial-que-jamais\\\/\"]}]},{\"@type\":\"ImageObject\",\"inLanguage\":\"fr-CA\",\"@id\":\"https:\\\/\\\/www.lecentrefranco.ca\\\/les-instituts-du-centre-franco\\\/24-24\\\/lapprentissage-socioemotionnel-a-lere-de-lia-plus-crucial-que-jamais\\\/#primaryimage\",\"url\":\"https:\\\/\\\/www.lecentrefranco.ca\\\/les-instituts-du-centre-franco\\\/wp-content\\\/uploads\\\/sites\\\/19\\\/2026\\\/01\\\/ih26-apprentissage-socioemotionnel-a-lere-de-ia.webp\",\"contentUrl\":\"https:\\\/\\\/www.lecentrefranco.ca\\\/les-instituts-du-centre-franco\\\/wp-content\\\/uploads\\\/sites\\\/19\\\/2026\\\/01\\\/ih26-apprentissage-socioemotionnel-a-lere-de-ia.webp\",\"width\":480,\"height\":480},{\"@type\":\"BreadcrumbList\",\"@id\":\"https:\\\/\\\/www.lecentrefranco.ca\\\/les-instituts-du-centre-franco\\\/24-24\\\/lapprentissage-socioemotionnel-a-lere-de-lia-plus-crucial-que-jamais\\\/#breadcrumb\",\"itemListElement\":[{\"@type\":\"ListItem\",\"position\":1,\"name\":\"Accueil\",\"item\":\"https:\\\/\\\/www.lecentrefranco.ca\\\/les-instituts-du-centre-franco\\\/\"},{\"@type\":\"ListItem\",\"position\":2,\"name\":\"L\u2019apprentissage socio\u00e9motionnel \u00e0 l\u2019\u00e8re de l\u2019IA : plus crucial que jamais\"}]},{\"@type\":\"WebSite\",\"@id\":\"https:\\\/\\\/www.lecentrefranco.ca\\\/les-instituts-du-centre-franco\\\/#website\",\"url\":\"https:\\\/\\\/www.lecentrefranco.ca\\\/les-instituts-du-centre-franco\\\/\",\"name\":\"Les Instituts du Centre franco\",\"description\":\"Un site utilisant Site Web du LCF\",\"publisher\":{\"@id\":\"https:\\\/\\\/www.lecentrefranco.ca\\\/les-instituts-du-centre-franco\\\/#organization\"},\"potentialAction\":[{\"@type\":\"SearchAction\",\"target\":{\"@type\":\"EntryPoint\",\"urlTemplate\":\"https:\\\/\\\/www.lecentrefranco.ca\\\/les-instituts-du-centre-franco\\\/?s={search_term_string}\"},\"query-input\":{\"@type\":\"PropertyValueSpecification\",\"valueRequired\":true,\"valueName\":\"search_term_string\"}}],\"inLanguage\":\"fr-CA\"},{\"@type\":\"Organization\",\"@id\":\"https:\\\/\\\/www.lecentrefranco.ca\\\/les-instituts-du-centre-franco\\\/#organization\",\"name\":\"Les Instituts du Centre franco\",\"url\":\"https:\\\/\\\/www.lecentrefranco.ca\\\/les-instituts-du-centre-franco\\\/\",\"logo\":{\"@type\":\"ImageObject\",\"inLanguage\":\"fr-CA\",\"@id\":\"https:\\\/\\\/www.lecentrefranco.ca\\\/les-instituts-du-centre-franco\\\/#\\\/schema\\\/logo\\\/image\\\/\",\"url\":\"https:\\\/\\\/www.lecentrefranco.ca\\\/les-instituts-du-centre-franco\\\/wp-content\\\/uploads\\\/sites\\\/19\\\/2021\\\/10\\\/vms-idcf-gen-.jpg\",\"contentUrl\":\"https:\\\/\\\/www.lecentrefranco.ca\\\/les-instituts-du-centre-franco\\\/wp-content\\\/uploads\\\/sites\\\/19\\\/2021\\\/10\\\/vms-idcf-gen-.jpg\",\"width\":1200,\"height\":630,\"caption\":\"Les Instituts du Centre franco\"},\"image\":{\"@id\":\"https:\\\/\\\/www.lecentrefranco.ca\\\/les-instituts-du-centre-franco\\\/#\\\/schema\\\/logo\\\/image\\\/\"}}]}<\/script>\n<!-- \/ Yoast SEO plugin. -->","yoast_head_json":{"title":"L\u2019apprentissage socio\u00e9motionnel \u00e0 l\u2019\u00e8re de l\u2019IA : plus crucial que jamais - Les Instituts du Centre franco","robots":{"index":"index","follow":"follow","max-snippet":"max-snippet:-1","max-image-preview":"max-image-preview:large","max-video-preview":"max-video-preview:-1"},"canonical":"https:\/\/www.lecentrefranco.ca\/les-instituts-du-centre-franco\/24-24\/lapprentissage-socioemotionnel-a-lere-de-lia-plus-crucial-que-jamais\/","og_locale":"fr_CA","og_type":"article","og_title":"L\u2019apprentissage socio\u00e9motionnel \u00e0 l\u2019\u00e8re de l\u2019IA : plus crucial que jamais - Les Instituts du Centre franco","og_description":"L\u2019intelligence artificielle transforme maintenant nos classes! D\u00e9couvrez la fa\u00e7on dont elle fa\u00e7onne le bien-\u00eatre, les comp\u00e9tences socio\u00e9motionnelles et l\u2019apprentissage de nos \u00e9l\u00e8ves. Plongez dans un univers d\u2019occasions et de d\u00e9fis stimulants, puis repartez avec des strat\u00e9gies concr\u00e8tes \u00e0 appliquer d\u00e8s demain. Enseigner AVEC l\u2019IA, c\u2019est ouvrir la porte \u00e0 plus d\u2019engagement, plus de cr\u00e9ativit\u00e9 et... Read more &raquo;","og_url":"https:\/\/www.lecentrefranco.ca\/les-instituts-du-centre-franco\/24-24\/lapprentissage-socioemotionnel-a-lere-de-lia-plus-crucial-que-jamais\/","og_site_name":"Les Instituts du Centre franco","article_modified_time":"2026-04-13T19:28:45+00:00","og_image":[{"width":480,"height":480,"url":"http:\/\/www.lecentrefranco.ca\/les-instituts-du-centre-franco\/wp-content\/uploads\/sites\/19\/2026\/01\/ih26-apprentissage-socioemotionnel-a-lere-de-ia.webp","type":"image\/webp"}],"twitter_card":"summary_large_image","twitter_misc":{"Estimation du temps de lecture":"1 minute"},"schema":{"@context":"https:\/\/schema.org","@graph":[{"@type":"WebPage","@id":"https:\/\/www.lecentrefranco.ca\/les-instituts-du-centre-franco\/24-24\/lapprentissage-socioemotionnel-a-lere-de-lia-plus-crucial-que-jamais\/","url":"https:\/\/www.lecentrefranco.ca\/les-instituts-du-centre-franco\/24-24\/lapprentissage-socioemotionnel-a-lere-de-lia-plus-crucial-que-jamais\/","name":"L\u2019apprentissage socio\u00e9motionnel \u00e0 l\u2019\u00e8re de l\u2019IA : plus crucial que jamais - Les Instituts du Centre franco","isPartOf":{"@id":"https:\/\/www.lecentrefranco.ca\/les-instituts-du-centre-franco\/#website"},"primaryImageOfPage":{"@id":"https:\/\/www.lecentrefranco.ca\/les-instituts-du-centre-franco\/24-24\/lapprentissage-socioemotionnel-a-lere-de-lia-plus-crucial-que-jamais\/#primaryimage"},"image":{"@id":"https:\/\/www.lecentrefranco.ca\/les-instituts-du-centre-franco\/24-24\/lapprentissage-socioemotionnel-a-lere-de-lia-plus-crucial-que-jamais\/#primaryimage"},"thumbnailUrl":"https:\/\/www.lecentrefranco.ca\/les-instituts-du-centre-franco\/wp-content\/uploads\/sites\/19\/2026\/01\/ih26-apprentissage-socioemotionnel-a-lere-de-ia.webp","datePublished":"2026-02-27T14:13:47+00:00","dateModified":"2026-04-13T19:28:45+00:00","breadcrumb":{"@id":"https:\/\/www.lecentrefranco.ca\/les-instituts-du-centre-franco\/24-24\/lapprentissage-socioemotionnel-a-lere-de-lia-plus-crucial-que-jamais\/#breadcrumb"},"inLanguage":"fr-CA","potentialAction":[{"@type":"ReadAction","target":["https:\/\/www.lecentrefranco.ca\/les-instituts-du-centre-franco\/24-24\/lapprentissage-socioemotionnel-a-lere-de-lia-plus-crucial-que-jamais\/"]}]},{"@type":"ImageObject","inLanguage":"fr-CA","@id":"https:\/\/www.lecentrefranco.ca\/les-instituts-du-centre-franco\/24-24\/lapprentissage-socioemotionnel-a-lere-de-lia-plus-crucial-que-jamais\/#primaryimage","url":"https:\/\/www.lecentrefranco.ca\/les-instituts-du-centre-franco\/wp-content\/uploads\/sites\/19\/2026\/01\/ih26-apprentissage-socioemotionnel-a-lere-de-ia.webp","contentUrl":"https:\/\/www.lecentrefranco.ca\/les-instituts-du-centre-franco\/wp-content\/uploads\/sites\/19\/2026\/01\/ih26-apprentissage-socioemotionnel-a-lere-de-ia.webp","width":480,"height":480},{"@type":"BreadcrumbList","@id":"https:\/\/www.lecentrefranco.ca\/les-instituts-du-centre-franco\/24-24\/lapprentissage-socioemotionnel-a-lere-de-lia-plus-crucial-que-jamais\/#breadcrumb","itemListElement":[{"@type":"ListItem","position":1,"name":"Accueil","item":"https:\/\/www.lecentrefranco.ca\/les-instituts-du-centre-franco\/"},{"@type":"ListItem","position":2,"name":"L\u2019apprentissage socio\u00e9motionnel \u00e0 l\u2019\u00e8re de l\u2019IA : plus crucial que jamais"}]},{"@type":"WebSite","@id":"https:\/\/www.lecentrefranco.ca\/les-instituts-du-centre-franco\/#website","url":"https:\/\/www.lecentrefranco.ca\/les-instituts-du-centre-franco\/","name":"Les Instituts du Centre franco","description":"Un site utilisant Site Web du LCF","publisher":{"@id":"https:\/\/www.lecentrefranco.ca\/les-instituts-du-centre-franco\/#organization"},"potentialAction":[{"@type":"SearchAction","target":{"@type":"EntryPoint","urlTemplate":"https:\/\/www.lecentrefranco.ca\/les-instituts-du-centre-franco\/?s={search_term_string}"},"query-input":{"@type":"PropertyValueSpecification","valueRequired":true,"valueName":"search_term_string"}}],"inLanguage":"fr-CA"},{"@type":"Organization","@id":"https:\/\/www.lecentrefranco.ca\/les-instituts-du-centre-franco\/#organization","name":"Les Instituts du Centre franco","url":"https:\/\/www.lecentrefranco.ca\/les-instituts-du-centre-franco\/","logo":{"@type":"ImageObject","inLanguage":"fr-CA","@id":"https:\/\/www.lecentrefranco.ca\/les-instituts-du-centre-franco\/#\/schema\/logo\/image\/","url":"https:\/\/www.lecentrefranco.ca\/les-instituts-du-centre-franco\/wp-content\/uploads\/sites\/19\/2021\/10\/vms-idcf-gen-.jpg","contentUrl":"https:\/\/www.lecentrefranco.ca\/les-instituts-du-centre-franco\/wp-content\/uploads\/sites\/19\/2021\/10\/vms-idcf-gen-.jpg","width":1200,"height":630,"caption":"Les Instituts du Centre franco"},"image":{"@id":"https:\/\/www.lecentrefranco.ca\/les-instituts-du-centre-franco\/#\/schema\/logo\/image\/"}}]}},"_links":{"self":[{"href":"https:\/\/www.lecentrefranco.ca\/les-instituts-du-centre-franco\/wp-json\/wp\/v2\/24-24\/2396","targetHints":{"allow":["GET"]}}],"collection":[{"href":"https:\/\/www.lecentrefranco.ca\/les-instituts-du-centre-franco\/wp-json\/wp\/v2\/24-24"}],"about":[{"href":"https:\/\/www.lecentrefranco.ca\/les-instituts-du-centre-franco\/wp-json\/wp\/v2\/types\/24-24"}],"wp:featuredmedia":[{"embeddable":true,"href":"https:\/\/www.lecentrefranco.ca\/les-instituts-du-centre-franco\/wp-json\/wp\/v2\/media\/2365"}],"wp:attachment":[{"href":"https:\/\/www.lecentrefranco.ca\/les-instituts-du-centre-franco\/wp-json\/wp\/v2\/media?parent=2396"}],"wp:term":[{"taxonomy":"nouveautes","embeddable":true,"href":"https:\/\/www.lecentrefranco.ca\/les-instituts-du-centre-franco\/wp-json\/wp\/v2\/nouveautes?post=2396"}],"curies":[{"name":"wp","href":"https:\/\/api.w.org\/{rel}","templated":true}]}}