{"id":2262,"date":"2025-10-31T12:26:19","date_gmt":"2025-10-31T12:26:19","guid":{"rendered":"https:\/\/www.lecentrefranco.ca\/les-instituts-du-centre-franco\/?post_type=24-24&#038;p=2262"},"modified":"2025-12-23T19:40:13","modified_gmt":"2025-12-23T19:40:13","slug":"balado-avec-tracey-lynn-foucault","status":"publish","type":"24-24","link":"https:\/\/www.lecentrefranco.ca\/les-instituts-du-centre-franco\/24-24\/balado-avec-tracey-lynn-foucault\/","title":{"rendered":"Balado avec Tracey-Lynn Foucault"},"content":{"rendered":"<h4><strong>\u00c9pisode 20<\/strong><\/h4>\n<p><strong>Tracey-Lynn\u00a0Foucault<\/strong> travaille avec d\u00e9vouement au sein de l\u2019\u00e9ducation catholique en langue fran\u00e7aise en Ontario. Anim\u00e9e par une volont\u00e9 d\u2019apprendre et de grandir, elle cherche \u00e0 soutenir les autres dans leur d\u00e9veloppement personnel et professionnel, tout en poursuivant son propre parcours.<\/p>\n<p>Son passage au Conseil scolaire catholique du Nouvel-Ontario refl\u00e8te les diverses exp\u00e9riences qui ont enrichi sa compr\u00e9hension du milieu scolaire. Elle a eu l\u2019occasion d\u2019enseigner au secondaire, de contribuer \u00e0 la construction identitaire des \u00e9l\u00e8ves, de coordonner les programmes des Majeures haute sp\u00e9cialisation (MHS) et d\u2019assumer des r\u00f4les de direction tant \u00e0 l\u2019\u00e9l\u00e9mentaire qu\u2019au secondaire. Depuis\u00a02019, elle occupe le poste de surintendante de l\u2019\u00e9ducation, o\u00f9 elle accompagne les \u00e9quipes dans la mise en \u0153uvre d\u2019une vision \u00e9ducative inclusive et tourn\u00e9e vers l\u2019avenir.<br \/>\nEn parall\u00e8le, elle a enseign\u00e9 au Coll\u00e8ge Bor\u00e9al, a travaill\u00e9 avec les \u00e9quipes FARE et TacTIC du Centre franco, puis a pris part \u00e0 la cr\u00e9ation de ressources p\u00e9dagogiques. Elle a \u00e9galement contribu\u00e9 \u00e0 l\u2019\u00e9laboration de curriculums au minist\u00e8re de l\u2019\u00c9ducation de l\u2019Ontario.<\/p>\n","protected":false},"featured_media":2273,"menu_order":0,"template":"single-cp24-24.php","meta":{"_acf_changed":false},"nouveautes":[],"class_list":["post-2262","24-24","type-24-24","status-publish","has-post-thumbnail","hentry","formats-conversations-pedagogique","annee_scolaire-2025-2026"],"acf":[],"yoast_head":"<!-- This site is optimized with the Yoast SEO plugin v27.5 - https:\/\/yoast.com\/product\/yoast-seo-wordpress\/ -->\n<title>Balado avec Tracey-Lynn Foucault - Les Instituts du Centre franco<\/title>\n<meta name=\"description\" content=\"\u00c0 la rencontre d\u2019Annick Morin \u2013 La sant\u00e9 mentale, une responsabilit\u00e9 partag\u00e9e en milieu \u00e9ducatif.\" \/>\n<meta name=\"robots\" content=\"index, follow, max-snippet:-1, max-image-preview:large, max-video-preview:-1\" \/>\n<link rel=\"canonical\" href=\"https:\/\/www.lecentrefranco.ca\/les-instituts-du-centre-franco\/24-24\/balado-avec-tracey-lynn-foucault\/\" \/>\n<meta property=\"og:locale\" content=\"fr_CA\" \/>\n<meta property=\"og:type\" content=\"article\" \/>\n<meta property=\"og:title\" content=\"Balado avec Tracey-Lynn Foucault - Les Instituts du Centre franco\" \/>\n<meta property=\"og:description\" content=\"\u00c0 la rencontre d\u2019Annick Morin \u2013 La sant\u00e9 mentale, une responsabilit\u00e9 partag\u00e9e en milieu \u00e9ducatif.\" \/>\n<meta property=\"og:url\" content=\"https:\/\/www.lecentrefranco.ca\/les-instituts-du-centre-franco\/24-24\/balado-avec-tracey-lynn-foucault\/\" \/>\n<meta property=\"og:site_name\" content=\"Les Instituts du Centre franco\" \/>\n<meta property=\"article:modified_time\" content=\"2025-12-23T19:40:13+00:00\" \/>\n<meta property=\"og:image\" content=\"http:\/\/www.lecentrefranco.ca\/les-instituts-du-centre-franco\/wp-content\/uploads\/sites\/19\/2023\/06\/hero-ins24-24.png\" \/>\n\t<meta property=\"og:image:width\" content=\"1920\" \/>\n\t<meta property=\"og:image:height\" content=\"403\" \/>\n\t<meta property=\"og:image:type\" content=\"image\/png\" \/>\n<meta name=\"twitter:card\" content=\"summary_large_image\" \/>\n<meta name=\"twitter:label1\" content=\"Estimation du temps de lecture\" \/>\n\t<meta name=\"twitter:data1\" content=\"2 minutes\" \/>\n<script type=\"application\/ld+json\" class=\"yoast-schema-graph\">{\"@context\":\"https:\\\/\\\/schema.org\",\"@graph\":[{\"@type\":\"WebPage\",\"@id\":\"https:\\\/\\\/www.lecentrefranco.ca\\\/les-instituts-du-centre-franco\\\/24-24\\\/balado-avec-tracey-lynn-foucault\\\/\",\"url\":\"https:\\\/\\\/www.lecentrefranco.ca\\\/les-instituts-du-centre-franco\\\/24-24\\\/balado-avec-tracey-lynn-foucault\\\/\",\"name\":\"Balado avec Tracey-Lynn Foucault - Les Instituts du Centre franco\",\"isPartOf\":{\"@id\":\"https:\\\/\\\/www.lecentrefranco.ca\\\/les-instituts-du-centre-franco\\\/#website\"},\"primaryImageOfPage\":{\"@id\":\"https:\\\/\\\/www.lecentrefranco.ca\\\/les-instituts-du-centre-franco\\\/24-24\\\/balado-avec-tracey-lynn-foucault\\\/#primaryimage\"},\"image\":{\"@id\":\"https:\\\/\\\/www.lecentrefranco.ca\\\/les-instituts-du-centre-franco\\\/24-24\\\/balado-avec-tracey-lynn-foucault\\\/#primaryimage\"},\"thumbnailUrl\":\"https:\\\/\\\/www.lecentrefranco.ca\\\/les-instituts-du-centre-franco\\\/wp-content\\\/uploads\\\/sites\\\/19\\\/2025\\\/10\\\/vignette-tl-foucault.webp\",\"datePublished\":\"2025-10-31T12:26:19+00:00\",\"dateModified\":\"2025-12-23T19:40:13+00:00\",\"description\":\"\u00c0 la rencontre d\u2019Annick Morin \u2013 La sant\u00e9 mentale, une responsabilit\u00e9 partag\u00e9e en milieu \u00e9ducatif.\",\"breadcrumb\":{\"@id\":\"https:\\\/\\\/www.lecentrefranco.ca\\\/les-instituts-du-centre-franco\\\/24-24\\\/balado-avec-tracey-lynn-foucault\\\/#breadcrumb\"},\"inLanguage\":\"fr-CA\",\"potentialAction\":[{\"@type\":\"ReadAction\",\"target\":[\"https:\\\/\\\/www.lecentrefranco.ca\\\/les-instituts-du-centre-franco\\\/24-24\\\/balado-avec-tracey-lynn-foucault\\\/\"]}]},{\"@type\":\"ImageObject\",\"inLanguage\":\"fr-CA\",\"@id\":\"https:\\\/\\\/www.lecentrefranco.ca\\\/les-instituts-du-centre-franco\\\/24-24\\\/balado-avec-tracey-lynn-foucault\\\/#primaryimage\",\"url\":\"https:\\\/\\\/www.lecentrefranco.ca\\\/les-instituts-du-centre-franco\\\/wp-content\\\/uploads\\\/sites\\\/19\\\/2025\\\/10\\\/vignette-tl-foucault.webp\",\"contentUrl\":\"https:\\\/\\\/www.lecentrefranco.ca\\\/les-instituts-du-centre-franco\\\/wp-content\\\/uploads\\\/sites\\\/19\\\/2025\\\/10\\\/vignette-tl-foucault.webp\",\"width\":420,\"height\":420},{\"@type\":\"BreadcrumbList\",\"@id\":\"https:\\\/\\\/www.lecentrefranco.ca\\\/les-instituts-du-centre-franco\\\/24-24\\\/balado-avec-tracey-lynn-foucault\\\/#breadcrumb\",\"itemListElement\":[{\"@type\":\"ListItem\",\"position\":1,\"name\":\"Accueil\",\"item\":\"https:\\\/\\\/www.lecentrefranco.ca\\\/les-instituts-du-centre-franco\\\/\"},{\"@type\":\"ListItem\",\"position\":2,\"name\":\"Balado avec Tracey-Lynn Foucault\"}]},{\"@type\":\"WebSite\",\"@id\":\"https:\\\/\\\/www.lecentrefranco.ca\\\/les-instituts-du-centre-franco\\\/#website\",\"url\":\"https:\\\/\\\/www.lecentrefranco.ca\\\/les-instituts-du-centre-franco\\\/\",\"name\":\"Les Instituts du Centre franco\",\"description\":\"Un site utilisant Site Web du LCF\",\"publisher\":{\"@id\":\"https:\\\/\\\/www.lecentrefranco.ca\\\/les-instituts-du-centre-franco\\\/#organization\"},\"potentialAction\":[{\"@type\":\"SearchAction\",\"target\":{\"@type\":\"EntryPoint\",\"urlTemplate\":\"https:\\\/\\\/www.lecentrefranco.ca\\\/les-instituts-du-centre-franco\\\/?s={search_term_string}\"},\"query-input\":{\"@type\":\"PropertyValueSpecification\",\"valueRequired\":true,\"valueName\":\"search_term_string\"}}],\"inLanguage\":\"fr-CA\"},{\"@type\":\"Organization\",\"@id\":\"https:\\\/\\\/www.lecentrefranco.ca\\\/les-instituts-du-centre-franco\\\/#organization\",\"name\":\"Les Instituts du Centre franco\",\"url\":\"https:\\\/\\\/www.lecentrefranco.ca\\\/les-instituts-du-centre-franco\\\/\",\"logo\":{\"@type\":\"ImageObject\",\"inLanguage\":\"fr-CA\",\"@id\":\"https:\\\/\\\/www.lecentrefranco.ca\\\/les-instituts-du-centre-franco\\\/#\\\/schema\\\/logo\\\/image\\\/\",\"url\":\"https:\\\/\\\/www.lecentrefranco.ca\\\/les-instituts-du-centre-franco\\\/wp-content\\\/uploads\\\/sites\\\/19\\\/2021\\\/10\\\/vms-idcf-gen-.jpg\",\"contentUrl\":\"https:\\\/\\\/www.lecentrefranco.ca\\\/les-instituts-du-centre-franco\\\/wp-content\\\/uploads\\\/sites\\\/19\\\/2021\\\/10\\\/vms-idcf-gen-.jpg\",\"width\":1200,\"height\":630,\"caption\":\"Les Instituts du Centre franco\"},\"image\":{\"@id\":\"https:\\\/\\\/www.lecentrefranco.ca\\\/les-instituts-du-centre-franco\\\/#\\\/schema\\\/logo\\\/image\\\/\"}}]}<\/script>\n<!-- \/ Yoast SEO plugin. -->","yoast_head_json":{"title":"Balado avec Tracey-Lynn Foucault - Les Instituts du Centre franco","description":"\u00c0 la rencontre d\u2019Annick Morin \u2013 La sant\u00e9 mentale, une responsabilit\u00e9 partag\u00e9e en milieu \u00e9ducatif.","robots":{"index":"index","follow":"follow","max-snippet":"max-snippet:-1","max-image-preview":"max-image-preview:large","max-video-preview":"max-video-preview:-1"},"canonical":"https:\/\/www.lecentrefranco.ca\/les-instituts-du-centre-franco\/24-24\/balado-avec-tracey-lynn-foucault\/","og_locale":"fr_CA","og_type":"article","og_title":"Balado avec Tracey-Lynn Foucault - Les Instituts du Centre franco","og_description":"\u00c0 la rencontre d\u2019Annick Morin \u2013 La sant\u00e9 mentale, une responsabilit\u00e9 partag\u00e9e en milieu \u00e9ducatif.","og_url":"https:\/\/www.lecentrefranco.ca\/les-instituts-du-centre-franco\/24-24\/balado-avec-tracey-lynn-foucault\/","og_site_name":"Les Instituts du Centre franco","article_modified_time":"2025-12-23T19:40:13+00:00","og_image":[{"width":1920,"height":403,"url":"http:\/\/www.lecentrefranco.ca\/les-instituts-du-centre-franco\/wp-content\/uploads\/sites\/19\/2023\/06\/hero-ins24-24.png","type":"image\/png"}],"twitter_card":"summary_large_image","twitter_misc":{"Estimation du temps de lecture":"2 minutes"},"schema":{"@context":"https:\/\/schema.org","@graph":[{"@type":"WebPage","@id":"https:\/\/www.lecentrefranco.ca\/les-instituts-du-centre-franco\/24-24\/balado-avec-tracey-lynn-foucault\/","url":"https:\/\/www.lecentrefranco.ca\/les-instituts-du-centre-franco\/24-24\/balado-avec-tracey-lynn-foucault\/","name":"Balado avec Tracey-Lynn Foucault - Les Instituts du Centre franco","isPartOf":{"@id":"https:\/\/www.lecentrefranco.ca\/les-instituts-du-centre-franco\/#website"},"primaryImageOfPage":{"@id":"https:\/\/www.lecentrefranco.ca\/les-instituts-du-centre-franco\/24-24\/balado-avec-tracey-lynn-foucault\/#primaryimage"},"image":{"@id":"https:\/\/www.lecentrefranco.ca\/les-instituts-du-centre-franco\/24-24\/balado-avec-tracey-lynn-foucault\/#primaryimage"},"thumbnailUrl":"https:\/\/www.lecentrefranco.ca\/les-instituts-du-centre-franco\/wp-content\/uploads\/sites\/19\/2025\/10\/vignette-tl-foucault.webp","datePublished":"2025-10-31T12:26:19+00:00","dateModified":"2025-12-23T19:40:13+00:00","description":"\u00c0 la rencontre d\u2019Annick Morin \u2013 La sant\u00e9 mentale, une responsabilit\u00e9 partag\u00e9e en milieu \u00e9ducatif.","breadcrumb":{"@id":"https:\/\/www.lecentrefranco.ca\/les-instituts-du-centre-franco\/24-24\/balado-avec-tracey-lynn-foucault\/#breadcrumb"},"inLanguage":"fr-CA","potentialAction":[{"@type":"ReadAction","target":["https:\/\/www.lecentrefranco.ca\/les-instituts-du-centre-franco\/24-24\/balado-avec-tracey-lynn-foucault\/"]}]},{"@type":"ImageObject","inLanguage":"fr-CA","@id":"https:\/\/www.lecentrefranco.ca\/les-instituts-du-centre-franco\/24-24\/balado-avec-tracey-lynn-foucault\/#primaryimage","url":"https:\/\/www.lecentrefranco.ca\/les-instituts-du-centre-franco\/wp-content\/uploads\/sites\/19\/2025\/10\/vignette-tl-foucault.webp","contentUrl":"https:\/\/www.lecentrefranco.ca\/les-instituts-du-centre-franco\/wp-content\/uploads\/sites\/19\/2025\/10\/vignette-tl-foucault.webp","width":420,"height":420},{"@type":"BreadcrumbList","@id":"https:\/\/www.lecentrefranco.ca\/les-instituts-du-centre-franco\/24-24\/balado-avec-tracey-lynn-foucault\/#breadcrumb","itemListElement":[{"@type":"ListItem","position":1,"name":"Accueil","item":"https:\/\/www.lecentrefranco.ca\/les-instituts-du-centre-franco\/"},{"@type":"ListItem","position":2,"name":"Balado avec Tracey-Lynn Foucault"}]},{"@type":"WebSite","@id":"https:\/\/www.lecentrefranco.ca\/les-instituts-du-centre-franco\/#website","url":"https:\/\/www.lecentrefranco.ca\/les-instituts-du-centre-franco\/","name":"Les Instituts du Centre franco","description":"Un site utilisant Site Web du LCF","publisher":{"@id":"https:\/\/www.lecentrefranco.ca\/les-instituts-du-centre-franco\/#organization"},"potentialAction":[{"@type":"SearchAction","target":{"@type":"EntryPoint","urlTemplate":"https:\/\/www.lecentrefranco.ca\/les-instituts-du-centre-franco\/?s={search_term_string}"},"query-input":{"@type":"PropertyValueSpecification","valueRequired":true,"valueName":"search_term_string"}}],"inLanguage":"fr-CA"},{"@type":"Organization","@id":"https:\/\/www.lecentrefranco.ca\/les-instituts-du-centre-franco\/#organization","name":"Les Instituts du Centre franco","url":"https:\/\/www.lecentrefranco.ca\/les-instituts-du-centre-franco\/","logo":{"@type":"ImageObject","inLanguage":"fr-CA","@id":"https:\/\/www.lecentrefranco.ca\/les-instituts-du-centre-franco\/#\/schema\/logo\/image\/","url":"https:\/\/www.lecentrefranco.ca\/les-instituts-du-centre-franco\/wp-content\/uploads\/sites\/19\/2021\/10\/vms-idcf-gen-.jpg","contentUrl":"https:\/\/www.lecentrefranco.ca\/les-instituts-du-centre-franco\/wp-content\/uploads\/sites\/19\/2021\/10\/vms-idcf-gen-.jpg","width":1200,"height":630,"caption":"Les Instituts du Centre franco"},"image":{"@id":"https:\/\/www.lecentrefranco.ca\/les-instituts-du-centre-franco\/#\/schema\/logo\/image\/"}}]}},"_links":{"self":[{"href":"https:\/\/www.lecentrefranco.ca\/les-instituts-du-centre-franco\/wp-json\/wp\/v2\/24-24\/2262","targetHints":{"allow":["GET"]}}],"collection":[{"href":"https:\/\/www.lecentrefranco.ca\/les-instituts-du-centre-franco\/wp-json\/wp\/v2\/24-24"}],"about":[{"href":"https:\/\/www.lecentrefranco.ca\/les-instituts-du-centre-franco\/wp-json\/wp\/v2\/types\/24-24"}],"wp:featuredmedia":[{"embeddable":true,"href":"https:\/\/www.lecentrefranco.ca\/les-instituts-du-centre-franco\/wp-json\/wp\/v2\/media\/2273"}],"wp:attachment":[{"href":"https:\/\/www.lecentrefranco.ca\/les-instituts-du-centre-franco\/wp-json\/wp\/v2\/media?parent=2262"}],"wp:term":[{"taxonomy":"nouveautes","embeddable":true,"href":"https:\/\/www.lecentrefranco.ca\/les-instituts-du-centre-franco\/wp-json\/wp\/v2\/nouveautes?post=2262"}],"curies":[{"name":"wp","href":"https:\/\/api.w.org\/{rel}","templated":true}]}}