{"id":2063,"date":"2025-05-29T14:10:49","date_gmt":"2025-05-29T14:10:49","guid":{"rendered":"https:\/\/www.lecentrefranco.ca\/les-instituts-du-centre-franco\/?post_type=24-24&#038;p=2063"},"modified":"2025-06-13T15:41:46","modified_gmt":"2025-06-13T15:41:46","slug":"comment-utiliser-le-materiel-de-manipulation-pour-developper-une-comprehension-du-raisonnement-geometrique-au-cycle-intermediaire","status":"publish","type":"24-24","link":"https:\/\/www.lecentrefranco.ca\/les-instituts-du-centre-franco\/24-24\/comment-utiliser-le-materiel-de-manipulation-pour-developper-une-comprehension-du-raisonnement-geometrique-au-cycle-intermediaire\/","title":{"rendered":"Comment utiliser le mat\u00e9riel de manipulation pour d\u00e9velopper une compr\u00e9hension du raisonnement g\u00e9om\u00e9trique au cycle interm\u00e9diaire"},"content":{"rendered":"<p>Cet atelier aidera \u00e0 comprendre et \u00e0 voir concr\u00e8tement la fa\u00e7on d\u2019utiliser le mat\u00e9riel de manipulation pour comprendre le raisonnement g\u00e9om\u00e9trique, les positions et les d\u00e9placements. Seront aussi pr\u00e9sent\u00e9s des exemples de r\u00e9solution de situations probl\u00e9matiques \u00e0 l\u2019aide de mat\u00e9riel de manipulation. Des liens seront faits avec la ressource <em>En avant, les maths!<\/em>.<\/p>\n","protected":false},"featured_media":878,"menu_order":0,"template":"single-frm24-24.php","meta":{"_acf_changed":false},"nouveautes":[],"class_list":["post-2063","24-24","type-24-24","status-publish","has-post-thumbnail","hentry","formats-formations","annee_scolaire-2024-2025"],"acf":[],"yoast_head":"<!-- This site is optimized with the Yoast SEO plugin v27.5 - https:\/\/yoast.com\/product\/yoast-seo-wordpress\/ -->\n<title>Comment utiliser le mat\u00e9riel de manipulation pour d\u00e9velopper une compr\u00e9hension du raisonnement g\u00e9om\u00e9trique au cycle interm\u00e9diaire - Les Instituts du Centre franco<\/title>\n<meta name=\"description\" content=\"Vous enseignez le fran\u00e7ais au secondaire et cherchez des mod\u00e8les de textes authentiques pour enrichir vos cours? En suivant cette formation de 15 minutes, vous d\u00e9couvrirez la fa\u00e7on dont le contenu de la ressource \u00c9cole branch\u00e9e peut s\u2019int\u00e9grer dans votre enseignement afin d\u2019inspirer vos \u00e9l\u00e8ves.\" \/>\n<meta name=\"robots\" content=\"index, follow, max-snippet:-1, max-image-preview:large, max-video-preview:-1\" \/>\n<link rel=\"canonical\" href=\"https:\/\/www.lecentrefranco.ca\/les-instituts-du-centre-franco\/24-24\/comment-utiliser-le-materiel-de-manipulation-pour-developper-une-comprehension-du-raisonnement-geometrique-au-cycle-intermediaire\/\" \/>\n<meta property=\"og:locale\" content=\"fr_CA\" \/>\n<meta property=\"og:type\" content=\"article\" \/>\n<meta property=\"og:title\" content=\"Comment utiliser le mat\u00e9riel de manipulation pour d\u00e9velopper une compr\u00e9hension du raisonnement g\u00e9om\u00e9trique au cycle interm\u00e9diaire - Les Instituts du Centre franco\" \/>\n<meta property=\"og:description\" content=\"Vous enseignez le fran\u00e7ais au secondaire et cherchez des mod\u00e8les de textes authentiques pour enrichir vos cours? En suivant cette formation de 15 minutes, vous d\u00e9couvrirez la fa\u00e7on dont le contenu de la ressource \u00c9cole branch\u00e9e peut s\u2019int\u00e9grer dans votre enseignement afin d\u2019inspirer vos \u00e9l\u00e8ves.\" \/>\n<meta property=\"og:url\" content=\"https:\/\/www.lecentrefranco.ca\/les-instituts-du-centre-franco\/24-24\/comment-utiliser-le-materiel-de-manipulation-pour-developper-une-comprehension-du-raisonnement-geometrique-au-cycle-intermediaire\/\" \/>\n<meta property=\"og:site_name\" content=\"Les Instituts du Centre franco\" \/>\n<meta property=\"article:modified_time\" content=\"2025-06-13T15:41:46+00:00\" \/>\n<meta property=\"og:image\" content=\"http:\/\/www.lecentrefranco.ca\/les-instituts-du-centre-franco\/wp-content\/uploads\/sites\/19\/2023\/01\/six-briques.jpeg\" \/>\n\t<meta property=\"og:image:width\" content=\"480\" \/>\n\t<meta property=\"og:image:height\" content=\"480\" \/>\n\t<meta property=\"og:image:type\" content=\"image\/jpeg\" \/>\n<meta name=\"twitter:card\" content=\"summary_large_image\" \/>\n<meta name=\"twitter:label1\" content=\"Estimation du temps de lecture\" \/>\n\t<meta name=\"twitter:data1\" content=\"1 minute\" \/>\n<script type=\"application\/ld+json\" class=\"yoast-schema-graph\">{\"@context\":\"https:\\\/\\\/schema.org\",\"@graph\":[{\"@type\":\"WebPage\",\"@id\":\"https:\\\/\\\/www.lecentrefranco.ca\\\/les-instituts-du-centre-franco\\\/24-24\\\/comment-utiliser-le-materiel-de-manipulation-pour-developper-une-comprehension-du-raisonnement-geometrique-au-cycle-intermediaire\\\/\",\"url\":\"https:\\\/\\\/www.lecentrefranco.ca\\\/les-instituts-du-centre-franco\\\/24-24\\\/comment-utiliser-le-materiel-de-manipulation-pour-developper-une-comprehension-du-raisonnement-geometrique-au-cycle-intermediaire\\\/\",\"name\":\"Comment utiliser le mat\u00e9riel de manipulation pour d\u00e9velopper une compr\u00e9hension du raisonnement g\u00e9om\u00e9trique au cycle interm\u00e9diaire - Les Instituts du Centre franco\",\"isPartOf\":{\"@id\":\"https:\\\/\\\/www.lecentrefranco.ca\\\/les-instituts-du-centre-franco\\\/#website\"},\"primaryImageOfPage\":{\"@id\":\"https:\\\/\\\/www.lecentrefranco.ca\\\/les-instituts-du-centre-franco\\\/24-24\\\/comment-utiliser-le-materiel-de-manipulation-pour-developper-une-comprehension-du-raisonnement-geometrique-au-cycle-intermediaire\\\/#primaryimage\"},\"image\":{\"@id\":\"https:\\\/\\\/www.lecentrefranco.ca\\\/les-instituts-du-centre-franco\\\/24-24\\\/comment-utiliser-le-materiel-de-manipulation-pour-developper-une-comprehension-du-raisonnement-geometrique-au-cycle-intermediaire\\\/#primaryimage\"},\"thumbnailUrl\":\"https:\\\/\\\/www.lecentrefranco.ca\\\/les-instituts-du-centre-franco\\\/wp-content\\\/uploads\\\/sites\\\/19\\\/2023\\\/01\\\/six-briques.jpeg\",\"datePublished\":\"2025-05-29T14:10:49+00:00\",\"dateModified\":\"2025-06-13T15:41:46+00:00\",\"description\":\"Vous enseignez le fran\u00e7ais au secondaire et cherchez des mod\u00e8les de textes authentiques pour enrichir vos cours? En suivant cette formation de 15 minutes, vous d\u00e9couvrirez la fa\u00e7on dont le contenu de la ressource \u00c9cole branch\u00e9e peut s\u2019int\u00e9grer dans votre enseignement afin d\u2019inspirer vos \u00e9l\u00e8ves.\",\"breadcrumb\":{\"@id\":\"https:\\\/\\\/www.lecentrefranco.ca\\\/les-instituts-du-centre-franco\\\/24-24\\\/comment-utiliser-le-materiel-de-manipulation-pour-developper-une-comprehension-du-raisonnement-geometrique-au-cycle-intermediaire\\\/#breadcrumb\"},\"inLanguage\":\"fr-CA\",\"potentialAction\":[{\"@type\":\"ReadAction\",\"target\":[\"https:\\\/\\\/www.lecentrefranco.ca\\\/les-instituts-du-centre-franco\\\/24-24\\\/comment-utiliser-le-materiel-de-manipulation-pour-developper-une-comprehension-du-raisonnement-geometrique-au-cycle-intermediaire\\\/\"]}]},{\"@type\":\"ImageObject\",\"inLanguage\":\"fr-CA\",\"@id\":\"https:\\\/\\\/www.lecentrefranco.ca\\\/les-instituts-du-centre-franco\\\/24-24\\\/comment-utiliser-le-materiel-de-manipulation-pour-developper-une-comprehension-du-raisonnement-geometrique-au-cycle-intermediaire\\\/#primaryimage\",\"url\":\"https:\\\/\\\/www.lecentrefranco.ca\\\/les-instituts-du-centre-franco\\\/wp-content\\\/uploads\\\/sites\\\/19\\\/2023\\\/01\\\/six-briques.jpeg\",\"contentUrl\":\"https:\\\/\\\/www.lecentrefranco.ca\\\/les-instituts-du-centre-franco\\\/wp-content\\\/uploads\\\/sites\\\/19\\\/2023\\\/01\\\/six-briques.jpeg\",\"width\":480,\"height\":480},{\"@type\":\"BreadcrumbList\",\"@id\":\"https:\\\/\\\/www.lecentrefranco.ca\\\/les-instituts-du-centre-franco\\\/24-24\\\/comment-utiliser-le-materiel-de-manipulation-pour-developper-une-comprehension-du-raisonnement-geometrique-au-cycle-intermediaire\\\/#breadcrumb\",\"itemListElement\":[{\"@type\":\"ListItem\",\"position\":1,\"name\":\"Accueil\",\"item\":\"https:\\\/\\\/www.lecentrefranco.ca\\\/les-instituts-du-centre-franco\\\/\"},{\"@type\":\"ListItem\",\"position\":2,\"name\":\"Comment utiliser le mat\u00e9riel de manipulation pour d\u00e9velopper une compr\u00e9hension du raisonnement g\u00e9om\u00e9trique au cycle interm\u00e9diaire\"}]},{\"@type\":\"WebSite\",\"@id\":\"https:\\\/\\\/www.lecentrefranco.ca\\\/les-instituts-du-centre-franco\\\/#website\",\"url\":\"https:\\\/\\\/www.lecentrefranco.ca\\\/les-instituts-du-centre-franco\\\/\",\"name\":\"Les Instituts du Centre franco\",\"description\":\"Un site utilisant Site Web du LCF\",\"publisher\":{\"@id\":\"https:\\\/\\\/www.lecentrefranco.ca\\\/les-instituts-du-centre-franco\\\/#organization\"},\"potentialAction\":[{\"@type\":\"SearchAction\",\"target\":{\"@type\":\"EntryPoint\",\"urlTemplate\":\"https:\\\/\\\/www.lecentrefranco.ca\\\/les-instituts-du-centre-franco\\\/?s={search_term_string}\"},\"query-input\":{\"@type\":\"PropertyValueSpecification\",\"valueRequired\":true,\"valueName\":\"search_term_string\"}}],\"inLanguage\":\"fr-CA\"},{\"@type\":\"Organization\",\"@id\":\"https:\\\/\\\/www.lecentrefranco.ca\\\/les-instituts-du-centre-franco\\\/#organization\",\"name\":\"Les Instituts du Centre franco\",\"url\":\"https:\\\/\\\/www.lecentrefranco.ca\\\/les-instituts-du-centre-franco\\\/\",\"logo\":{\"@type\":\"ImageObject\",\"inLanguage\":\"fr-CA\",\"@id\":\"https:\\\/\\\/www.lecentrefranco.ca\\\/les-instituts-du-centre-franco\\\/#\\\/schema\\\/logo\\\/image\\\/\",\"url\":\"https:\\\/\\\/www.lecentrefranco.ca\\\/les-instituts-du-centre-franco\\\/wp-content\\\/uploads\\\/sites\\\/19\\\/2021\\\/10\\\/vms-idcf-gen-.jpg\",\"contentUrl\":\"https:\\\/\\\/www.lecentrefranco.ca\\\/les-instituts-du-centre-franco\\\/wp-content\\\/uploads\\\/sites\\\/19\\\/2021\\\/10\\\/vms-idcf-gen-.jpg\",\"width\":1200,\"height\":630,\"caption\":\"Les Instituts du Centre franco\"},\"image\":{\"@id\":\"https:\\\/\\\/www.lecentrefranco.ca\\\/les-instituts-du-centre-franco\\\/#\\\/schema\\\/logo\\\/image\\\/\"}}]}<\/script>\n<!-- \/ Yoast SEO plugin. -->","yoast_head_json":{"title":"Comment utiliser le mat\u00e9riel de manipulation pour d\u00e9velopper une compr\u00e9hension du raisonnement g\u00e9om\u00e9trique au cycle interm\u00e9diaire - Les Instituts du Centre franco","description":"Vous enseignez le fran\u00e7ais au secondaire et cherchez des mod\u00e8les de textes authentiques pour enrichir vos cours? En suivant cette formation de 15 minutes, vous d\u00e9couvrirez la fa\u00e7on dont le contenu de la ressource \u00c9cole branch\u00e9e peut s\u2019int\u00e9grer dans votre enseignement afin d\u2019inspirer vos \u00e9l\u00e8ves.","robots":{"index":"index","follow":"follow","max-snippet":"max-snippet:-1","max-image-preview":"max-image-preview:large","max-video-preview":"max-video-preview:-1"},"canonical":"https:\/\/www.lecentrefranco.ca\/les-instituts-du-centre-franco\/24-24\/comment-utiliser-le-materiel-de-manipulation-pour-developper-une-comprehension-du-raisonnement-geometrique-au-cycle-intermediaire\/","og_locale":"fr_CA","og_type":"article","og_title":"Comment utiliser le mat\u00e9riel de manipulation pour d\u00e9velopper une compr\u00e9hension du raisonnement g\u00e9om\u00e9trique au cycle interm\u00e9diaire - Les Instituts du Centre franco","og_description":"Vous enseignez le fran\u00e7ais au secondaire et cherchez des mod\u00e8les de textes authentiques pour enrichir vos cours? En suivant cette formation de 15 minutes, vous d\u00e9couvrirez la fa\u00e7on dont le contenu de la ressource \u00c9cole branch\u00e9e peut s\u2019int\u00e9grer dans votre enseignement afin d\u2019inspirer vos \u00e9l\u00e8ves.","og_url":"https:\/\/www.lecentrefranco.ca\/les-instituts-du-centre-franco\/24-24\/comment-utiliser-le-materiel-de-manipulation-pour-developper-une-comprehension-du-raisonnement-geometrique-au-cycle-intermediaire\/","og_site_name":"Les Instituts du Centre franco","article_modified_time":"2025-06-13T15:41:46+00:00","og_image":[{"width":480,"height":480,"url":"http:\/\/www.lecentrefranco.ca\/les-instituts-du-centre-franco\/wp-content\/uploads\/sites\/19\/2023\/01\/six-briques.jpeg","type":"image\/jpeg"}],"twitter_card":"summary_large_image","twitter_misc":{"Estimation du temps de lecture":"1 minute"},"schema":{"@context":"https:\/\/schema.org","@graph":[{"@type":"WebPage","@id":"https:\/\/www.lecentrefranco.ca\/les-instituts-du-centre-franco\/24-24\/comment-utiliser-le-materiel-de-manipulation-pour-developper-une-comprehension-du-raisonnement-geometrique-au-cycle-intermediaire\/","url":"https:\/\/www.lecentrefranco.ca\/les-instituts-du-centre-franco\/24-24\/comment-utiliser-le-materiel-de-manipulation-pour-developper-une-comprehension-du-raisonnement-geometrique-au-cycle-intermediaire\/","name":"Comment utiliser le mat\u00e9riel de manipulation pour d\u00e9velopper une compr\u00e9hension du raisonnement g\u00e9om\u00e9trique au cycle interm\u00e9diaire - Les Instituts du Centre franco","isPartOf":{"@id":"https:\/\/www.lecentrefranco.ca\/les-instituts-du-centre-franco\/#website"},"primaryImageOfPage":{"@id":"https:\/\/www.lecentrefranco.ca\/les-instituts-du-centre-franco\/24-24\/comment-utiliser-le-materiel-de-manipulation-pour-developper-une-comprehension-du-raisonnement-geometrique-au-cycle-intermediaire\/#primaryimage"},"image":{"@id":"https:\/\/www.lecentrefranco.ca\/les-instituts-du-centre-franco\/24-24\/comment-utiliser-le-materiel-de-manipulation-pour-developper-une-comprehension-du-raisonnement-geometrique-au-cycle-intermediaire\/#primaryimage"},"thumbnailUrl":"https:\/\/www.lecentrefranco.ca\/les-instituts-du-centre-franco\/wp-content\/uploads\/sites\/19\/2023\/01\/six-briques.jpeg","datePublished":"2025-05-29T14:10:49+00:00","dateModified":"2025-06-13T15:41:46+00:00","description":"Vous enseignez le fran\u00e7ais au secondaire et cherchez des mod\u00e8les de textes authentiques pour enrichir vos cours? En suivant cette formation de 15 minutes, vous d\u00e9couvrirez la fa\u00e7on dont le contenu de la ressource \u00c9cole branch\u00e9e peut s\u2019int\u00e9grer dans votre enseignement afin d\u2019inspirer vos \u00e9l\u00e8ves.","breadcrumb":{"@id":"https:\/\/www.lecentrefranco.ca\/les-instituts-du-centre-franco\/24-24\/comment-utiliser-le-materiel-de-manipulation-pour-developper-une-comprehension-du-raisonnement-geometrique-au-cycle-intermediaire\/#breadcrumb"},"inLanguage":"fr-CA","potentialAction":[{"@type":"ReadAction","target":["https:\/\/www.lecentrefranco.ca\/les-instituts-du-centre-franco\/24-24\/comment-utiliser-le-materiel-de-manipulation-pour-developper-une-comprehension-du-raisonnement-geometrique-au-cycle-intermediaire\/"]}]},{"@type":"ImageObject","inLanguage":"fr-CA","@id":"https:\/\/www.lecentrefranco.ca\/les-instituts-du-centre-franco\/24-24\/comment-utiliser-le-materiel-de-manipulation-pour-developper-une-comprehension-du-raisonnement-geometrique-au-cycle-intermediaire\/#primaryimage","url":"https:\/\/www.lecentrefranco.ca\/les-instituts-du-centre-franco\/wp-content\/uploads\/sites\/19\/2023\/01\/six-briques.jpeg","contentUrl":"https:\/\/www.lecentrefranco.ca\/les-instituts-du-centre-franco\/wp-content\/uploads\/sites\/19\/2023\/01\/six-briques.jpeg","width":480,"height":480},{"@type":"BreadcrumbList","@id":"https:\/\/www.lecentrefranco.ca\/les-instituts-du-centre-franco\/24-24\/comment-utiliser-le-materiel-de-manipulation-pour-developper-une-comprehension-du-raisonnement-geometrique-au-cycle-intermediaire\/#breadcrumb","itemListElement":[{"@type":"ListItem","position":1,"name":"Accueil","item":"https:\/\/www.lecentrefranco.ca\/les-instituts-du-centre-franco\/"},{"@type":"ListItem","position":2,"name":"Comment utiliser le mat\u00e9riel de manipulation pour d\u00e9velopper une compr\u00e9hension du raisonnement g\u00e9om\u00e9trique au cycle interm\u00e9diaire"}]},{"@type":"WebSite","@id":"https:\/\/www.lecentrefranco.ca\/les-instituts-du-centre-franco\/#website","url":"https:\/\/www.lecentrefranco.ca\/les-instituts-du-centre-franco\/","name":"Les Instituts du Centre franco","description":"Un site utilisant Site Web du LCF","publisher":{"@id":"https:\/\/www.lecentrefranco.ca\/les-instituts-du-centre-franco\/#organization"},"potentialAction":[{"@type":"SearchAction","target":{"@type":"EntryPoint","urlTemplate":"https:\/\/www.lecentrefranco.ca\/les-instituts-du-centre-franco\/?s={search_term_string}"},"query-input":{"@type":"PropertyValueSpecification","valueRequired":true,"valueName":"search_term_string"}}],"inLanguage":"fr-CA"},{"@type":"Organization","@id":"https:\/\/www.lecentrefranco.ca\/les-instituts-du-centre-franco\/#organization","name":"Les Instituts du Centre franco","url":"https:\/\/www.lecentrefranco.ca\/les-instituts-du-centre-franco\/","logo":{"@type":"ImageObject","inLanguage":"fr-CA","@id":"https:\/\/www.lecentrefranco.ca\/les-instituts-du-centre-franco\/#\/schema\/logo\/image\/","url":"https:\/\/www.lecentrefranco.ca\/les-instituts-du-centre-franco\/wp-content\/uploads\/sites\/19\/2021\/10\/vms-idcf-gen-.jpg","contentUrl":"https:\/\/www.lecentrefranco.ca\/les-instituts-du-centre-franco\/wp-content\/uploads\/sites\/19\/2021\/10\/vms-idcf-gen-.jpg","width":1200,"height":630,"caption":"Les Instituts du Centre franco"},"image":{"@id":"https:\/\/www.lecentrefranco.ca\/les-instituts-du-centre-franco\/#\/schema\/logo\/image\/"}}]}},"_links":{"self":[{"href":"https:\/\/www.lecentrefranco.ca\/les-instituts-du-centre-franco\/wp-json\/wp\/v2\/24-24\/2063","targetHints":{"allow":["GET"]}}],"collection":[{"href":"https:\/\/www.lecentrefranco.ca\/les-instituts-du-centre-franco\/wp-json\/wp\/v2\/24-24"}],"about":[{"href":"https:\/\/www.lecentrefranco.ca\/les-instituts-du-centre-franco\/wp-json\/wp\/v2\/types\/24-24"}],"wp:featuredmedia":[{"embeddable":true,"href":"https:\/\/www.lecentrefranco.ca\/les-instituts-du-centre-franco\/wp-json\/wp\/v2\/media\/878"}],"wp:attachment":[{"href":"https:\/\/www.lecentrefranco.ca\/les-instituts-du-centre-franco\/wp-json\/wp\/v2\/media?parent=2063"}],"wp:term":[{"taxonomy":"nouveautes","embeddable":true,"href":"https:\/\/www.lecentrefranco.ca\/les-instituts-du-centre-franco\/wp-json\/wp\/v2\/nouveautes?post=2063"}],"curies":[{"name":"wp","href":"https:\/\/api.w.org\/{rel}","templated":true}]}}