{"id":1676,"date":"2024-10-10T12:15:25","date_gmt":"2024-10-10T12:15:25","guid":{"rendered":"https:\/\/www.lecentrefranco.ca\/les-instituts-du-centre-franco\/?post_type=24-24&#038;p=1676"},"modified":"2024-11-07T20:34:15","modified_gmt":"2024-11-07T20:34:15","slug":"modelisation-mathematiques","status":"publish","type":"24-24","link":"https:\/\/www.lecentrefranco.ca\/les-instituts-du-centre-franco\/24-24\/modelisation-mathematiques\/","title":{"rendered":"La mod\u00e9lisation math\u00e9matiques d\u00e8s la 1re ann\u00e9e"},"content":{"rendered":"<p><span>Les probl\u00e8mes de la vie r\u00e9elle n\u00e9cessitant une connaissance des math\u00e9matiques ne sont pas accompagn\u00e9s de tous les renseignements requis. Ils sont d\u00e9sordonn\u00e9s et peu clairs. Les \u00e9l\u00e8ves doivent d\u00e9terminer ce dont elles et ils ont besoin, ce qui est pertinent et ce qui ne l\u2019est pas. Elles et ils devraient suivre un processus structur\u00e9 qui implique de poser des questions, d\u2019\u00e9mettre des suppositions, d\u2019\u00e9laborer un mod\u00e8le math\u00e9matique et d\u2019en tester l\u2019efficacit\u00e9. Ils doivent ensuite affiner le mod\u00e8le et l\u2019am\u00e9liorer. <\/span><\/p>\n<p><span>Rejoignez-nous pour explorer la mise en \u0153uvre de la mod\u00e9lisation math\u00e9matique \u00e0 diff\u00e9rentes ann\u00e9es d\u2019\u00e9tudes et obtenir des astuces et des conseils pratiques pour une int\u00e9gration r\u00e9ussie en salle de classe.<\/span><\/p>\n","protected":false},"featured_media":980,"menu_order":0,"template":"single-frm24-24.php","meta":{"_acf_changed":false},"nouveautes":[],"class_list":["post-1676","24-24","type-24-24","status-publish","has-post-thumbnail","hentry","formats-formations","annee_scolaire-2024-2025"],"acf":[],"yoast_head":"<!-- This site is optimized with the Yoast SEO plugin v27.5 - https:\/\/yoast.com\/product\/yoast-seo-wordpress\/ -->\n<title>La mod\u00e9lisation math\u00e9matiques d\u00e8s la 1re ann\u00e9e - Les Instituts du Centre franco<\/title>\n<meta name=\"robots\" content=\"index, follow, max-snippet:-1, max-image-preview:large, max-video-preview:-1\" \/>\n<link rel=\"canonical\" href=\"https:\/\/www.lecentrefranco.ca\/les-instituts-du-centre-franco\/24-24\/modelisation-mathematiques\/\" \/>\n<meta property=\"og:locale\" content=\"fr_CA\" \/>\n<meta property=\"og:type\" content=\"article\" \/>\n<meta property=\"og:title\" content=\"La mod\u00e9lisation math\u00e9matiques d\u00e8s la 1re ann\u00e9e - Les Instituts du Centre franco\" \/>\n<meta property=\"og:description\" content=\"Les probl\u00e8mes de la vie r\u00e9elle n\u00e9cessitant une connaissance des math\u00e9matiques ne sont pas accompagn\u00e9s de tous les renseignements requis. Ils sont d\u00e9sordonn\u00e9s et peu clairs. Les \u00e9l\u00e8ves doivent d\u00e9terminer ce dont elles et ils ont besoin, ce qui est pertinent et ce qui ne l\u2019est pas. Elles et ils devraient suivre un processus structur\u00e9... Read more &raquo;\" \/>\n<meta property=\"og:url\" content=\"https:\/\/www.lecentrefranco.ca\/les-instituts-du-centre-franco\/24-24\/modelisation-mathematiques\/\" \/>\n<meta property=\"og:site_name\" content=\"Les Instituts du Centre franco\" \/>\n<meta property=\"article:modified_time\" content=\"2024-11-07T20:34:15+00:00\" \/>\n<meta property=\"og:image\" content=\"http:\/\/www.lecentrefranco.ca\/les-instituts-du-centre-franco\/wp-content\/uploads\/sites\/19\/2023\/05\/differentiation-pedagogique-math-17-aout.jpg\" \/>\n\t<meta property=\"og:image:width\" content=\"480\" \/>\n\t<meta property=\"og:image:height\" content=\"480\" \/>\n\t<meta property=\"og:image:type\" content=\"image\/jpeg\" \/>\n<meta name=\"twitter:card\" content=\"summary_large_image\" \/>\n<meta name=\"twitter:label1\" content=\"Estimation du temps de lecture\" \/>\n\t<meta name=\"twitter:data1\" content=\"1 minute\" \/>\n<script type=\"application\/ld+json\" class=\"yoast-schema-graph\">{\"@context\":\"https:\\\/\\\/schema.org\",\"@graph\":[{\"@type\":\"WebPage\",\"@id\":\"https:\\\/\\\/www.lecentrefranco.ca\\\/les-instituts-du-centre-franco\\\/24-24\\\/modelisation-mathematiques\\\/\",\"url\":\"https:\\\/\\\/www.lecentrefranco.ca\\\/les-instituts-du-centre-franco\\\/24-24\\\/modelisation-mathematiques\\\/\",\"name\":\"La mod\u00e9lisation math\u00e9matiques d\u00e8s la 1re ann\u00e9e - Les Instituts du Centre franco\",\"isPartOf\":{\"@id\":\"https:\\\/\\\/www.lecentrefranco.ca\\\/les-instituts-du-centre-franco\\\/#website\"},\"primaryImageOfPage\":{\"@id\":\"https:\\\/\\\/www.lecentrefranco.ca\\\/les-instituts-du-centre-franco\\\/24-24\\\/modelisation-mathematiques\\\/#primaryimage\"},\"image\":{\"@id\":\"https:\\\/\\\/www.lecentrefranco.ca\\\/les-instituts-du-centre-franco\\\/24-24\\\/modelisation-mathematiques\\\/#primaryimage\"},\"thumbnailUrl\":\"https:\\\/\\\/www.lecentrefranco.ca\\\/les-instituts-du-centre-franco\\\/wp-content\\\/uploads\\\/sites\\\/19\\\/2023\\\/05\\\/differentiation-pedagogique-math-17-aout.jpg\",\"datePublished\":\"2024-10-10T12:15:25+00:00\",\"dateModified\":\"2024-11-07T20:34:15+00:00\",\"breadcrumb\":{\"@id\":\"https:\\\/\\\/www.lecentrefranco.ca\\\/les-instituts-du-centre-franco\\\/24-24\\\/modelisation-mathematiques\\\/#breadcrumb\"},\"inLanguage\":\"fr-CA\",\"potentialAction\":[{\"@type\":\"ReadAction\",\"target\":[\"https:\\\/\\\/www.lecentrefranco.ca\\\/les-instituts-du-centre-franco\\\/24-24\\\/modelisation-mathematiques\\\/\"]}]},{\"@type\":\"ImageObject\",\"inLanguage\":\"fr-CA\",\"@id\":\"https:\\\/\\\/www.lecentrefranco.ca\\\/les-instituts-du-centre-franco\\\/24-24\\\/modelisation-mathematiques\\\/#primaryimage\",\"url\":\"https:\\\/\\\/www.lecentrefranco.ca\\\/les-instituts-du-centre-franco\\\/wp-content\\\/uploads\\\/sites\\\/19\\\/2023\\\/05\\\/differentiation-pedagogique-math-17-aout.jpg\",\"contentUrl\":\"https:\\\/\\\/www.lecentrefranco.ca\\\/les-instituts-du-centre-franco\\\/wp-content\\\/uploads\\\/sites\\\/19\\\/2023\\\/05\\\/differentiation-pedagogique-math-17-aout.jpg\",\"width\":480,\"height\":480},{\"@type\":\"BreadcrumbList\",\"@id\":\"https:\\\/\\\/www.lecentrefranco.ca\\\/les-instituts-du-centre-franco\\\/24-24\\\/modelisation-mathematiques\\\/#breadcrumb\",\"itemListElement\":[{\"@type\":\"ListItem\",\"position\":1,\"name\":\"Accueil\",\"item\":\"https:\\\/\\\/www.lecentrefranco.ca\\\/les-instituts-du-centre-franco\\\/\"},{\"@type\":\"ListItem\",\"position\":2,\"name\":\"La mod\u00e9lisation math\u00e9matiques d\u00e8s la 1re ann\u00e9e\"}]},{\"@type\":\"WebSite\",\"@id\":\"https:\\\/\\\/www.lecentrefranco.ca\\\/les-instituts-du-centre-franco\\\/#website\",\"url\":\"https:\\\/\\\/www.lecentrefranco.ca\\\/les-instituts-du-centre-franco\\\/\",\"name\":\"Les Instituts du Centre franco\",\"description\":\"Un site utilisant Site Web du LCF\",\"publisher\":{\"@id\":\"https:\\\/\\\/www.lecentrefranco.ca\\\/les-instituts-du-centre-franco\\\/#organization\"},\"potentialAction\":[{\"@type\":\"SearchAction\",\"target\":{\"@type\":\"EntryPoint\",\"urlTemplate\":\"https:\\\/\\\/www.lecentrefranco.ca\\\/les-instituts-du-centre-franco\\\/?s={search_term_string}\"},\"query-input\":{\"@type\":\"PropertyValueSpecification\",\"valueRequired\":true,\"valueName\":\"search_term_string\"}}],\"inLanguage\":\"fr-CA\"},{\"@type\":\"Organization\",\"@id\":\"https:\\\/\\\/www.lecentrefranco.ca\\\/les-instituts-du-centre-franco\\\/#organization\",\"name\":\"Les Instituts du Centre franco\",\"url\":\"https:\\\/\\\/www.lecentrefranco.ca\\\/les-instituts-du-centre-franco\\\/\",\"logo\":{\"@type\":\"ImageObject\",\"inLanguage\":\"fr-CA\",\"@id\":\"https:\\\/\\\/www.lecentrefranco.ca\\\/les-instituts-du-centre-franco\\\/#\\\/schema\\\/logo\\\/image\\\/\",\"url\":\"https:\\\/\\\/www.lecentrefranco.ca\\\/les-instituts-du-centre-franco\\\/wp-content\\\/uploads\\\/sites\\\/19\\\/2021\\\/10\\\/vms-idcf-gen-.jpg\",\"contentUrl\":\"https:\\\/\\\/www.lecentrefranco.ca\\\/les-instituts-du-centre-franco\\\/wp-content\\\/uploads\\\/sites\\\/19\\\/2021\\\/10\\\/vms-idcf-gen-.jpg\",\"width\":1200,\"height\":630,\"caption\":\"Les Instituts du Centre franco\"},\"image\":{\"@id\":\"https:\\\/\\\/www.lecentrefranco.ca\\\/les-instituts-du-centre-franco\\\/#\\\/schema\\\/logo\\\/image\\\/\"}}]}<\/script>\n<!-- \/ Yoast SEO plugin. -->","yoast_head_json":{"title":"La mod\u00e9lisation math\u00e9matiques d\u00e8s la 1re ann\u00e9e - Les Instituts du Centre franco","robots":{"index":"index","follow":"follow","max-snippet":"max-snippet:-1","max-image-preview":"max-image-preview:large","max-video-preview":"max-video-preview:-1"},"canonical":"https:\/\/www.lecentrefranco.ca\/les-instituts-du-centre-franco\/24-24\/modelisation-mathematiques\/","og_locale":"fr_CA","og_type":"article","og_title":"La mod\u00e9lisation math\u00e9matiques d\u00e8s la 1re ann\u00e9e - Les Instituts du Centre franco","og_description":"Les probl\u00e8mes de la vie r\u00e9elle n\u00e9cessitant une connaissance des math\u00e9matiques ne sont pas accompagn\u00e9s de tous les renseignements requis. Ils sont d\u00e9sordonn\u00e9s et peu clairs. Les \u00e9l\u00e8ves doivent d\u00e9terminer ce dont elles et ils ont besoin, ce qui est pertinent et ce qui ne l\u2019est pas. Elles et ils devraient suivre un processus structur\u00e9... Read more &raquo;","og_url":"https:\/\/www.lecentrefranco.ca\/les-instituts-du-centre-franco\/24-24\/modelisation-mathematiques\/","og_site_name":"Les Instituts du Centre franco","article_modified_time":"2024-11-07T20:34:15+00:00","og_image":[{"width":480,"height":480,"url":"http:\/\/www.lecentrefranco.ca\/les-instituts-du-centre-franco\/wp-content\/uploads\/sites\/19\/2023\/05\/differentiation-pedagogique-math-17-aout.jpg","type":"image\/jpeg"}],"twitter_card":"summary_large_image","twitter_misc":{"Estimation du temps de lecture":"1 minute"},"schema":{"@context":"https:\/\/schema.org","@graph":[{"@type":"WebPage","@id":"https:\/\/www.lecentrefranco.ca\/les-instituts-du-centre-franco\/24-24\/modelisation-mathematiques\/","url":"https:\/\/www.lecentrefranco.ca\/les-instituts-du-centre-franco\/24-24\/modelisation-mathematiques\/","name":"La mod\u00e9lisation math\u00e9matiques d\u00e8s la 1re ann\u00e9e - Les Instituts du Centre franco","isPartOf":{"@id":"https:\/\/www.lecentrefranco.ca\/les-instituts-du-centre-franco\/#website"},"primaryImageOfPage":{"@id":"https:\/\/www.lecentrefranco.ca\/les-instituts-du-centre-franco\/24-24\/modelisation-mathematiques\/#primaryimage"},"image":{"@id":"https:\/\/www.lecentrefranco.ca\/les-instituts-du-centre-franco\/24-24\/modelisation-mathematiques\/#primaryimage"},"thumbnailUrl":"https:\/\/www.lecentrefranco.ca\/les-instituts-du-centre-franco\/wp-content\/uploads\/sites\/19\/2023\/05\/differentiation-pedagogique-math-17-aout.jpg","datePublished":"2024-10-10T12:15:25+00:00","dateModified":"2024-11-07T20:34:15+00:00","breadcrumb":{"@id":"https:\/\/www.lecentrefranco.ca\/les-instituts-du-centre-franco\/24-24\/modelisation-mathematiques\/#breadcrumb"},"inLanguage":"fr-CA","potentialAction":[{"@type":"ReadAction","target":["https:\/\/www.lecentrefranco.ca\/les-instituts-du-centre-franco\/24-24\/modelisation-mathematiques\/"]}]},{"@type":"ImageObject","inLanguage":"fr-CA","@id":"https:\/\/www.lecentrefranco.ca\/les-instituts-du-centre-franco\/24-24\/modelisation-mathematiques\/#primaryimage","url":"https:\/\/www.lecentrefranco.ca\/les-instituts-du-centre-franco\/wp-content\/uploads\/sites\/19\/2023\/05\/differentiation-pedagogique-math-17-aout.jpg","contentUrl":"https:\/\/www.lecentrefranco.ca\/les-instituts-du-centre-franco\/wp-content\/uploads\/sites\/19\/2023\/05\/differentiation-pedagogique-math-17-aout.jpg","width":480,"height":480},{"@type":"BreadcrumbList","@id":"https:\/\/www.lecentrefranco.ca\/les-instituts-du-centre-franco\/24-24\/modelisation-mathematiques\/#breadcrumb","itemListElement":[{"@type":"ListItem","position":1,"name":"Accueil","item":"https:\/\/www.lecentrefranco.ca\/les-instituts-du-centre-franco\/"},{"@type":"ListItem","position":2,"name":"La mod\u00e9lisation math\u00e9matiques d\u00e8s la 1re ann\u00e9e"}]},{"@type":"WebSite","@id":"https:\/\/www.lecentrefranco.ca\/les-instituts-du-centre-franco\/#website","url":"https:\/\/www.lecentrefranco.ca\/les-instituts-du-centre-franco\/","name":"Les Instituts du Centre franco","description":"Un site utilisant Site Web du LCF","publisher":{"@id":"https:\/\/www.lecentrefranco.ca\/les-instituts-du-centre-franco\/#organization"},"potentialAction":[{"@type":"SearchAction","target":{"@type":"EntryPoint","urlTemplate":"https:\/\/www.lecentrefranco.ca\/les-instituts-du-centre-franco\/?s={search_term_string}"},"query-input":{"@type":"PropertyValueSpecification","valueRequired":true,"valueName":"search_term_string"}}],"inLanguage":"fr-CA"},{"@type":"Organization","@id":"https:\/\/www.lecentrefranco.ca\/les-instituts-du-centre-franco\/#organization","name":"Les Instituts du Centre franco","url":"https:\/\/www.lecentrefranco.ca\/les-instituts-du-centre-franco\/","logo":{"@type":"ImageObject","inLanguage":"fr-CA","@id":"https:\/\/www.lecentrefranco.ca\/les-instituts-du-centre-franco\/#\/schema\/logo\/image\/","url":"https:\/\/www.lecentrefranco.ca\/les-instituts-du-centre-franco\/wp-content\/uploads\/sites\/19\/2021\/10\/vms-idcf-gen-.jpg","contentUrl":"https:\/\/www.lecentrefranco.ca\/les-instituts-du-centre-franco\/wp-content\/uploads\/sites\/19\/2021\/10\/vms-idcf-gen-.jpg","width":1200,"height":630,"caption":"Les Instituts du Centre franco"},"image":{"@id":"https:\/\/www.lecentrefranco.ca\/les-instituts-du-centre-franco\/#\/schema\/logo\/image\/"}}]}},"_links":{"self":[{"href":"https:\/\/www.lecentrefranco.ca\/les-instituts-du-centre-franco\/wp-json\/wp\/v2\/24-24\/1676","targetHints":{"allow":["GET"]}}],"collection":[{"href":"https:\/\/www.lecentrefranco.ca\/les-instituts-du-centre-franco\/wp-json\/wp\/v2\/24-24"}],"about":[{"href":"https:\/\/www.lecentrefranco.ca\/les-instituts-du-centre-franco\/wp-json\/wp\/v2\/types\/24-24"}],"wp:featuredmedia":[{"embeddable":true,"href":"https:\/\/www.lecentrefranco.ca\/les-instituts-du-centre-franco\/wp-json\/wp\/v2\/media\/980"}],"wp:attachment":[{"href":"https:\/\/www.lecentrefranco.ca\/les-instituts-du-centre-franco\/wp-json\/wp\/v2\/media?parent=1676"}],"wp:term":[{"taxonomy":"nouveautes","embeddable":true,"href":"https:\/\/www.lecentrefranco.ca\/les-instituts-du-centre-franco\/wp-json\/wp\/v2\/nouveautes?post=1676"}],"curies":[{"name":"wp","href":"https:\/\/api.w.org\/{rel}","templated":true}]}}