{"version":"1.0","provider_name":"Les Instituts du Centre franco","provider_url":"https:\/\/www.lecentrefranco.ca\/les-instituts-du-centre-franco","title":"D\u00e9velopper une compr\u00e9hension du raisonnement g\u00e9om\u00e9trique avec le mat\u00e9riel de manipulation au cycle primaire - Les Instituts du Centre franco","type":"rich","width":600,"height":338,"html":"<blockquote class=\"wp-embedded-content\" data-secret=\"pwdb9h6ati\"><a href=\"https:\/\/www.lecentrefranco.ca\/les-instituts-du-centre-franco\/24-24\/raisonnement-geometrique\/\">D\u00e9velopper une compr\u00e9hension du raisonnement g\u00e9om\u00e9trique avec le mat\u00e9riel de manipulation au cycle primaire<\/a><\/blockquote><iframe sandbox=\"allow-scripts\" security=\"restricted\" src=\"https:\/\/www.lecentrefranco.ca\/les-instituts-du-centre-franco\/24-24\/raisonnement-geometrique\/embed\/#?secret=pwdb9h6ati\" width=\"600\" height=\"338\" title=\"&laquo; D\u00e9velopper une compr\u00e9hension du raisonnement g\u00e9om\u00e9trique avec le mat\u00e9riel de manipulation au cycle primaire &raquo; &#8212; Les Instituts du Centre franco\" data-secret=\"pwdb9h6ati\" frameborder=\"0\" marginwidth=\"0\" marginheight=\"0\" scrolling=\"no\" class=\"wp-embedded-content\"><\/iframe><script type=\"text\/javascript\">\n\/* <![CDATA[ *\/\n\/*! This file is auto-generated *\/\n!function(d,l){\"use strict\";l.querySelector&&d.addEventListener&&\"undefined\"!=typeof URL&&(d.wp=d.wp||{},d.wp.receiveEmbedMessage||(d.wp.receiveEmbedMessage=function(e){var t=e.data;if((t||t.secret||t.message||t.value)&&!\/[^a-zA-Z0-9]\/.test(t.secret)){for(var s,r,n,a=l.querySelectorAll('iframe[data-secret=\"'+t.secret+'\"]'),o=l.querySelectorAll('blockquote[data-secret=\"'+t.secret+'\"]'),c=new RegExp(\"^https?:$\",\"i\"),i=0;i<o.length;i++)o[i].style.display=\"none\";for(i=0;i<a.length;i++)s=a[i],e.source===s.contentWindow&&(s.removeAttribute(\"style\"),\"height\"===t.message?(1e3<(r=parseInt(t.value,10))?r=1e3:~~r<200&&(r=200),s.height=r):\"link\"===t.message&&(r=new URL(s.getAttribute(\"src\")),n=new URL(t.value),c.test(n.protocol))&&n.host===r.host&&l.activeElement===s&&(d.top.location.href=t.value))}},d.addEventListener(\"message\",d.wp.receiveEmbedMessage,!1),l.addEventListener(\"DOMContentLoaded\",function(){for(var e,t,s=l.querySelectorAll(\"iframe.wp-embedded-content\"),r=0;r<s.length;r++)(t=(e=s[r]).getAttribute(\"data-secret\"))||(t=Math.random().toString(36).substring(2,12),e.src+=\"#?secret=\"+t,e.setAttribute(\"data-secret\",t)),e.contentWindow.postMessage({message:\"ready\",secret:t},\"*\")},!1)))}(window,document);\n\/\/# sourceURL=https:\/\/www.lecentrefranco.ca\/les-instituts-du-centre-franco\/wp-includes\/js\/wp-embed.min.js\n\/* ]]> *\/\n<\/script>\n","thumbnail_url":"http:\/\/www.lecentrefranco.ca\/les-instituts-du-centre-franco\/wp-content\/uploads\/sites\/19\/2025\/09\/vignette-2.webp","thumbnail_width":420,"thumbnail_height":420,"description":"Cette formation permettra de comprendre et de voir concr\u00e8tement comment utiliser le mat\u00e9riel de manipulation pour une compr\u00e9hension du raisonnement g\u00e9om\u00e9trique et des positions et d\u00e9placements. Aussi, des exemples de r\u00e9solutions de situations probl\u00e8mes, \u00e0 l\u2019aide de mat\u00e9riel de manipulation, seront pr\u00e9sent\u00e9s. Des liens seront faits avec la ressource En avant les maths."}